{"id":2231,"date":"2021-04-22T20:46:01","date_gmt":"2021-04-22T20:46:01","guid":{"rendered":"http:\/\/www.ghconcepcion.cl\/?page_id=2231"},"modified":"2024-09-23T15:35:37","modified_gmt":"2024-09-23T15:35:37","slug":"noticias","status":"publish","type":"page","link":"https:\/\/www.ghconcepcion.cl\/index.php\/noticias\/","title":{"rendered":"NOTICIAS"},"content":{"rendered":"\t\t<div data-elementor-type=\"wp-page\" data-elementor-id=\"2231\" class=\"elementor elementor-2231\" data-elementor-post-type=\"page\">\n\t\t\t\t<div class=\"elementor-element elementor-element-cd19801 e-flex e-con-boxed e-con e-parent\" data-id=\"cd19801\" data-element_type=\"container\" data-e-type=\"container\">\n\t\t\t\t\t<div class=\"e-con-inner\">\n\t\t\t\t<div class=\"elementor-element elementor-element-766f17f elementor-widget elementor-widget-heading\" data-id=\"766f17f\" data-element_type=\"widget\" data-e-type=\"widget\" data-widget_type=\"heading.default\">\n\t\t\t\t<div class=\"elementor-widget-container\">\n\t\t\t\t\t<h2 class=\"elementor-heading-title elementor-size-default\">En esta secci\u00f3n podr\u00e1s revisar todas nuestras invitaciones y actividades<\/h2>\t\t\t\t<\/div>\n\t\t\t\t<\/div>\n\t\t\t\t<div class=\"elementor-element elementor-element-c3f316d elementor-grid-3 elementor-grid-tablet-2 elementor-grid-mobile-1 elementor-posts--thumbnail-top elementor-card-shadow-yes elementor-posts__hover-gradient elementor-widget elementor-widget-posts\" data-id=\"c3f316d\" data-element_type=\"widget\" data-e-type=\"widget\" data-settings=\"{&quot;pagination_type&quot;:&quot;load_more_infinite_scroll&quot;,&quot;cards_columns&quot;:&quot;3&quot;,&quot;cards_columns_tablet&quot;:&quot;2&quot;,&quot;cards_columns_mobile&quot;:&quot;1&quot;,&quot;cards_row_gap&quot;:{&quot;unit&quot;:&quot;px&quot;,&quot;size&quot;:35,&quot;sizes&quot;:[]},&quot;cards_row_gap_tablet&quot;:{&quot;unit&quot;:&quot;px&quot;,&quot;size&quot;:&quot;&quot;,&quot;sizes&quot;:[]},&quot;cards_row_gap_mobile&quot;:{&quot;unit&quot;:&quot;px&quot;,&quot;size&quot;:&quot;&quot;,&quot;sizes&quot;:[]},&quot;load_more_spinner&quot;:{&quot;value&quot;:&quot;fas fa-spinner&quot;,&quot;library&quot;:&quot;fa-solid&quot;}}\" data-widget_type=\"posts.cards\">\n\t\t\t\t<div class=\"elementor-widget-container\">\n\t\t\t\t\t\t\t<div class=\"elementor-posts-container elementor-posts elementor-posts--skin-cards elementor-grid\">\n\t\t\t\t<article class=\"elementor-post elementor-grid-item post-4167 post type-post status-publish format-standard has-post-thumbnail hentry category-galeria-de-la-historia\">\n\t\t\t<div class=\"elementor-post__card\">\n\t\t\t\t<a class=\"elementor-post__thumbnail__link\" href=\"https:\/\/www.ghconcepcion.cl\/index.php\/2026\/04\/22\/presentacion-libro-historia-del-trabajo-domestico-en-america-latina-siglos-xvi-xx\/\" tabindex=\"-1\" ><div class=\"elementor-post__thumbnail\"><img fetchpriority=\"high\" decoding=\"async\" width=\"400\" height=\"300\" src=\"https:\/\/www.ghconcepcion.cl\/wp-content\/uploads\/2026\/04\/IMG_8267-400x300.jpeg\" class=\"attachment-medium size-medium wp-image-4168\" alt=\"\" srcset=\"https:\/\/www.ghconcepcion.cl\/wp-content\/uploads\/2026\/04\/IMG_8267-400x300.jpeg 400w, https:\/\/www.ghconcepcion.cl\/wp-content\/uploads\/2026\/04\/IMG_8267-1024x768.jpeg 1024w, https:\/\/www.ghconcepcion.cl\/wp-content\/uploads\/2026\/04\/IMG_8267-768x576.jpeg 768w, https:\/\/www.ghconcepcion.cl\/wp-content\/uploads\/2026\/04\/IMG_8267-1536x1152.jpeg 1536w, https:\/\/www.ghconcepcion.cl\/wp-content\/uploads\/2026\/04\/IMG_8267-2048x1536.jpeg 2048w\" sizes=\"(max-width: 400px) 100vw, 400px\" \/><\/div><\/a>\n\t\t\t\t<div class=\"elementor-post__badge\">Galer\u00eda de la Historia<\/div>\n\t\t\t\t<div class=\"elementor-post__text\">\n\t\t\t\t<h3 class=\"elementor-post__title\">\n\t\t\t<a href=\"https:\/\/www.ghconcepcion.cl\/index.php\/2026\/04\/22\/presentacion-libro-historia-del-trabajo-domestico-en-america-latina-siglos-xvi-xx\/\" >\n\t\t\t\tPresentaci\u00f3n libro \u201cHistoria del Trabajo Dom\u00e9stico en Am\u00e9rica Latina. Siglos XVI\u2013XX\u201d\t\t\t<\/a>\n\t\t<\/h3>\n\t\t\t\t<div class=\"elementor-post__excerpt\">\n\t\t\t<p>La obra re\u00fane investigaciones de distintos pa\u00edses de la regi\u00f3n y aborda, desde una perspectiva hist\u00f3rica y de g\u00e9nero, un \u00e1mbito clave pero hist\u00f3ricamente invisibilizado<\/p>\n\t\t<\/div>\n\t\t\n\t\t<a class=\"elementor-post__read-more\" href=\"https:\/\/www.ghconcepcion.cl\/index.php\/2026\/04\/22\/presentacion-libro-historia-del-trabajo-domestico-en-america-latina-siglos-xvi-xx\/\" aria-label=\"M\u00e1s informaci\u00f3n sobre Presentaci\u00f3n libro \u201cHistoria del Trabajo Dom\u00e9stico en Am\u00e9rica Latina. Siglos XVI\u2013XX\u201d\" tabindex=\"-1\" >\n\t\t\tLeer m\u00e1s \u00bb\t\t<\/a>\n\n\t\t\t\t<\/div>\n\t\t\t\t<div class=\"elementor-post__meta-data\">\n\t\t\t\t\t<span class=\"elementor-post-date\">\n\t\t\tabril 22, 2026\t\t<\/span>\n\t\t\t\t<\/div>\n\t\t\t\t\t<\/div>\n\t\t<\/article>\n\t\t\t\t<article class=\"elementor-post elementor-grid-item post-4159 post type-post status-publish format-standard has-post-thumbnail hentry category-galeria-de-la-historia\">\n\t\t\t<div class=\"elementor-post__card\">\n\t\t\t\t<a class=\"elementor-post__thumbnail__link\" href=\"https:\/\/www.ghconcepcion.cl\/index.php\/2026\/03\/26\/se-presenta-proyecto-faicc-uss-sobre-el-cortometraje-musicalizado-las-tres-pascualas\/\" tabindex=\"-1\" ><div class=\"elementor-post__thumbnail\"><img decoding=\"async\" width=\"400\" height=\"300\" src=\"https:\/\/www.ghconcepcion.cl\/wp-content\/uploads\/2026\/04\/1000046344-400x300.jpg\" class=\"attachment-medium size-medium wp-image-4161\" alt=\"\" srcset=\"https:\/\/www.ghconcepcion.cl\/wp-content\/uploads\/2026\/04\/1000046344-400x300.jpg 400w, https:\/\/www.ghconcepcion.cl\/wp-content\/uploads\/2026\/04\/1000046344-1024x768.jpg 1024w, https:\/\/www.ghconcepcion.cl\/wp-content\/uploads\/2026\/04\/1000046344-768x576.jpg 768w, https:\/\/www.ghconcepcion.cl\/wp-content\/uploads\/2026\/04\/1000046344-1536x1152.jpg 1536w, https:\/\/www.ghconcepcion.cl\/wp-content\/uploads\/2026\/04\/1000046344-2048x1536.jpg 2048w\" sizes=\"(max-width: 400px) 100vw, 400px\" \/><\/div><\/a>\n\t\t\t\t<div class=\"elementor-post__badge\">Galer\u00eda de la Historia<\/div>\n\t\t\t\t<div class=\"elementor-post__text\">\n\t\t\t\t<h3 class=\"elementor-post__title\">\n\t\t\t<a href=\"https:\/\/www.ghconcepcion.cl\/index.php\/2026\/03\/26\/se-presenta-proyecto-faicc-uss-sobre-el-cortometraje-musicalizado-las-tres-pascualas\/\" >\n\t\t\t\tSe presenta proyecto FAICC USS sobre el cortometraje musicalizado \u201cLas Tres Pascualas\u201d\t\t\t<\/a>\n\t\t<\/h3>\n\t\t\t\t<div class=\"elementor-post__excerpt\">\n\t\t\t<p>El pasado 20 de marzo, la Galer\u00eda de la Historia de Concepci\u00f3n se transform\u00f3 en un espacio para el arte y el patrimonio, con la<\/p>\n\t\t<\/div>\n\t\t\n\t\t<a class=\"elementor-post__read-more\" href=\"https:\/\/www.ghconcepcion.cl\/index.php\/2026\/03\/26\/se-presenta-proyecto-faicc-uss-sobre-el-cortometraje-musicalizado-las-tres-pascualas\/\" aria-label=\"M\u00e1s informaci\u00f3n sobre Se presenta proyecto FAICC USS sobre el cortometraje musicalizado \u201cLas Tres Pascualas\u201d\" tabindex=\"-1\" >\n\t\t\tLeer m\u00e1s \u00bb\t\t<\/a>\n\n\t\t\t\t<\/div>\n\t\t\t\t<div class=\"elementor-post__meta-data\">\n\t\t\t\t\t<span class=\"elementor-post-date\">\n\t\t\tmarzo 26, 2026\t\t<\/span>\n\t\t\t\t<\/div>\n\t\t\t\t\t<\/div>\n\t\t<\/article>\n\t\t\t\t<article class=\"elementor-post elementor-grid-item post-4149 post type-post status-publish format-standard has-post-thumbnail hentry category-galeria-de-la-historia\">\n\t\t\t<div class=\"elementor-post__card\">\n\t\t\t\t<a class=\"elementor-post__thumbnail__link\" href=\"https:\/\/www.ghconcepcion.cl\/index.php\/2026\/01\/16\/corporacion-semco-participa-en-la-feria-internacional-de-arte-popular-2026-con-productos-identitarios-y-publicaciones-patrimoniales\/\" tabindex=\"-1\" ><div class=\"elementor-post__thumbnail\"><img decoding=\"async\" width=\"400\" height=\"300\" src=\"https:\/\/www.ghconcepcion.cl\/wp-content\/uploads\/2026\/04\/WhatsApp-Image-2026-04-14-at-10.49.54-1-400x300.png\" class=\"attachment-medium size-medium wp-image-4150\" alt=\"\" srcset=\"https:\/\/www.ghconcepcion.cl\/wp-content\/uploads\/2026\/04\/WhatsApp-Image-2026-04-14-at-10.49.54-1-400x300.png 400w, https:\/\/www.ghconcepcion.cl\/wp-content\/uploads\/2026\/04\/WhatsApp-Image-2026-04-14-at-10.49.54-1-1024x768.png 1024w, https:\/\/www.ghconcepcion.cl\/wp-content\/uploads\/2026\/04\/WhatsApp-Image-2026-04-14-at-10.49.54-1-768x576.png 768w, https:\/\/www.ghconcepcion.cl\/wp-content\/uploads\/2026\/04\/WhatsApp-Image-2026-04-14-at-10.49.54-1.png 1280w\" sizes=\"(max-width: 400px) 100vw, 400px\" \/><\/div><\/a>\n\t\t\t\t<div class=\"elementor-post__badge\">Galer\u00eda de la Historia<\/div>\n\t\t\t\t<div class=\"elementor-post__text\">\n\t\t\t\t<h3 class=\"elementor-post__title\">\n\t\t\t<a href=\"https:\/\/www.ghconcepcion.cl\/index.php\/2026\/01\/16\/corporacion-semco-participa-en-la-feria-internacional-de-arte-popular-2026-con-productos-identitarios-y-publicaciones-patrimoniales\/\" >\n\t\t\t\tCorporaci\u00f3n SEMCO participa en la Feria Internacional de Arte Popular 2026 con productos identitarios y publicaciones patrimoniales\t\t\t<\/a>\n\t\t<\/h3>\n\t\t\t\t<div class=\"elementor-post__excerpt\">\n\t\t\t<p>La Corporaci\u00f3n Social y Cultural de Concepci\u00f3n SEMCO se suma a la tradicional feria del Parque Ecuador con una propuesta que releva la identidad local<\/p>\n\t\t<\/div>\n\t\t\n\t\t<a class=\"elementor-post__read-more\" href=\"https:\/\/www.ghconcepcion.cl\/index.php\/2026\/01\/16\/corporacion-semco-participa-en-la-feria-internacional-de-arte-popular-2026-con-productos-identitarios-y-publicaciones-patrimoniales\/\" aria-label=\"M\u00e1s informaci\u00f3n sobre Corporaci\u00f3n SEMCO participa en la Feria Internacional de Arte Popular 2026 con productos identitarios y publicaciones patrimoniales\" tabindex=\"-1\" >\n\t\t\tLeer m\u00e1s \u00bb\t\t<\/a>\n\n\t\t\t\t<\/div>\n\t\t\t\t<div class=\"elementor-post__meta-data\">\n\t\t\t\t\t<span class=\"elementor-post-date\">\n\t\t\tenero 16, 2026\t\t<\/span>\n\t\t\t\t<\/div>\n\t\t\t\t\t<\/div>\n\t\t<\/article>\n\t\t\t\t<article class=\"elementor-post elementor-grid-item post-4145 post type-post status-publish format-standard has-post-thumbnail hentry category-galeria-de-la-historia\">\n\t\t\t<div class=\"elementor-post__card\">\n\t\t\t\t<a class=\"elementor-post__thumbnail__link\" href=\"https:\/\/www.ghconcepcion.cl\/index.php\/2025\/12\/19\/huachipato-realiza-valiosa-donacion-para-nueva-sala-regional-de-la-galeria-de-la-historia-de-concepcion\/\" tabindex=\"-1\" ><div class=\"elementor-post__thumbnail\"><img loading=\"lazy\" decoding=\"async\" width=\"400\" height=\"225\" src=\"https:\/\/www.ghconcepcion.cl\/wp-content\/uploads\/2026\/04\/1000042213-400x225.jpg\" class=\"attachment-medium size-medium wp-image-4146\" alt=\"\" srcset=\"https:\/\/www.ghconcepcion.cl\/wp-content\/uploads\/2026\/04\/1000042213-400x225.jpg 400w, https:\/\/www.ghconcepcion.cl\/wp-content\/uploads\/2026\/04\/1000042213-1024x576.jpg 1024w, https:\/\/www.ghconcepcion.cl\/wp-content\/uploads\/2026\/04\/1000042213-768x432.jpg 768w, https:\/\/www.ghconcepcion.cl\/wp-content\/uploads\/2026\/04\/1000042213.jpg 1280w\" sizes=\"(max-width: 400px) 100vw, 400px\" \/><\/div><\/a>\n\t\t\t\t<div class=\"elementor-post__badge\">Galer\u00eda de la Historia<\/div>\n\t\t\t\t<div class=\"elementor-post__text\">\n\t\t\t\t<h3 class=\"elementor-post__title\">\n\t\t\t<a href=\"https:\/\/www.ghconcepcion.cl\/index.php\/2025\/12\/19\/huachipato-realiza-valiosa-donacion-para-nueva-sala-regional-de-la-galeria-de-la-historia-de-concepcion\/\" >\n\t\t\t\tHuachipato realiza valiosa donaci\u00f3n para nueva Sala Regional de la Galer\u00eda de la Historia de Concepci\u00f3n\t\t\t<\/a>\n\t\t<\/h3>\n\t\t\t\t<div class=\"elementor-post__excerpt\">\n\t\t\t<p>Piezas originales de la industria sider\u00fargica formar\u00e1n parte del nuevo espacio dedicado al desarrollo urbano e industrial del Gran Concepci\u00f3n En el marco del proyecto<\/p>\n\t\t<\/div>\n\t\t\n\t\t<a class=\"elementor-post__read-more\" href=\"https:\/\/www.ghconcepcion.cl\/index.php\/2025\/12\/19\/huachipato-realiza-valiosa-donacion-para-nueva-sala-regional-de-la-galeria-de-la-historia-de-concepcion\/\" aria-label=\"M\u00e1s informaci\u00f3n sobre Huachipato realiza valiosa donaci\u00f3n para nueva Sala Regional de la Galer\u00eda de la Historia de Concepci\u00f3n\" tabindex=\"-1\" >\n\t\t\tLeer m\u00e1s \u00bb\t\t<\/a>\n\n\t\t\t\t<\/div>\n\t\t\t\t<div class=\"elementor-post__meta-data\">\n\t\t\t\t\t<span class=\"elementor-post-date\">\n\t\t\tdiciembre 19, 2025\t\t<\/span>\n\t\t\t\t<\/div>\n\t\t\t\t\t<\/div>\n\t\t<\/article>\n\t\t\t\t<article class=\"elementor-post elementor-grid-item post-4098 post type-post status-publish format-standard has-post-thumbnail hentry category-galeria-de-la-historia\">\n\t\t\t<div class=\"elementor-post__card\">\n\t\t\t\t<a class=\"elementor-post__thumbnail__link\" href=\"https:\/\/www.ghconcepcion.cl\/index.php\/2025\/08\/25\/galeria-de-la-historia-de-concepcion-se-suma-al-dia-de-los-patrimonios-para-ninos-ninas-y-adolescentes\/\" tabindex=\"-1\" ><div class=\"elementor-post__thumbnail\"><img loading=\"lazy\" decoding=\"async\" width=\"300\" height=\"400\" src=\"https:\/\/www.ghconcepcion.cl\/wp-content\/uploads\/2025\/08\/WhatsApp-Image-2025-08-25-at-13.53.50-1-1-300x400.jpeg\" class=\"attachment-medium size-medium wp-image-4124\" alt=\"\" srcset=\"https:\/\/www.ghconcepcion.cl\/wp-content\/uploads\/2025\/08\/WhatsApp-Image-2025-08-25-at-13.53.50-1-1-300x400.jpeg 300w, https:\/\/www.ghconcepcion.cl\/wp-content\/uploads\/2025\/08\/WhatsApp-Image-2025-08-25-at-13.53.50-1-1-768x1024.jpeg 768w, https:\/\/www.ghconcepcion.cl\/wp-content\/uploads\/2025\/08\/WhatsApp-Image-2025-08-25-at-13.53.50-1-1.jpeg 960w\" sizes=\"(max-width: 300px) 100vw, 300px\" \/><\/div><\/a>\n\t\t\t\t<div class=\"elementor-post__badge\">Galer\u00eda de la Historia<\/div>\n\t\t\t\t<div class=\"elementor-post__text\">\n\t\t\t\t<h3 class=\"elementor-post__title\">\n\t\t\t<a href=\"https:\/\/www.ghconcepcion.cl\/index.php\/2025\/08\/25\/galeria-de-la-historia-de-concepcion-se-suma-al-dia-de-los-patrimonios-para-ninos-ninas-y-adolescentes\/\" >\n\t\t\t\tGaler\u00eda de la Historia de Concepci\u00f3n se suma al D\u00eda de los Patrimonios para Ni\u00f1os, Ni\u00f1as y Adolescentes\t\t\t<\/a>\n\t\t<\/h3>\n\t\t\t\t<div class=\"elementor-post__excerpt\">\n\t\t\t<p>Este fin de semana, cientos de espacios culturales a lo largo de Chile abrieron sus puertas para conmemorar el D\u00eda de los Patrimonios de Ni\u00f1os,<\/p>\n\t\t<\/div>\n\t\t\n\t\t<a class=\"elementor-post__read-more\" href=\"https:\/\/www.ghconcepcion.cl\/index.php\/2025\/08\/25\/galeria-de-la-historia-de-concepcion-se-suma-al-dia-de-los-patrimonios-para-ninos-ninas-y-adolescentes\/\" aria-label=\"M\u00e1s informaci\u00f3n sobre Galer\u00eda de la Historia de Concepci\u00f3n se suma al D\u00eda de los Patrimonios para Ni\u00f1os, Ni\u00f1as y Adolescentes\" tabindex=\"-1\" >\n\t\t\tLeer m\u00e1s \u00bb\t\t<\/a>\n\n\t\t\t\t<\/div>\n\t\t\t\t<div class=\"elementor-post__meta-data\">\n\t\t\t\t\t<span class=\"elementor-post-date\">\n\t\t\tagosto 25, 2025\t\t<\/span>\n\t\t\t\t<\/div>\n\t\t\t\t\t<\/div>\n\t\t<\/article>\n\t\t\t\t<article class=\"elementor-post elementor-grid-item post-4078 post type-post status-publish format-standard has-post-thumbnail hentry category-galeria-de-la-historia\">\n\t\t\t<div class=\"elementor-post__card\">\n\t\t\t\t<a class=\"elementor-post__thumbnail__link\" href=\"https:\/\/www.ghconcepcion.cl\/index.php\/2025\/08\/19\/ruta-historica-concepcion-en-foco-una-mirada-al-patrimonio-urbano-a-traves-de-la-fotografia\/\" tabindex=\"-1\" ><div class=\"elementor-post__thumbnail\"><img loading=\"lazy\" decoding=\"async\" width=\"400\" height=\"225\" src=\"https:\/\/www.ghconcepcion.cl\/wp-content\/uploads\/2025\/08\/WhatsApp-Image-2025-08-19-at-11.00.21-2-400x225.jpeg\" class=\"attachment-medium size-medium wp-image-4090\" alt=\"\" srcset=\"https:\/\/www.ghconcepcion.cl\/wp-content\/uploads\/2025\/08\/WhatsApp-Image-2025-08-19-at-11.00.21-2-400x225.jpeg 400w, https:\/\/www.ghconcepcion.cl\/wp-content\/uploads\/2025\/08\/WhatsApp-Image-2025-08-19-at-11.00.21-2-1024x576.jpeg 1024w, https:\/\/www.ghconcepcion.cl\/wp-content\/uploads\/2025\/08\/WhatsApp-Image-2025-08-19-at-11.00.21-2-768x432.jpeg 768w, https:\/\/www.ghconcepcion.cl\/wp-content\/uploads\/2025\/08\/WhatsApp-Image-2025-08-19-at-11.00.21-2.jpeg 1280w\" sizes=\"(max-width: 400px) 100vw, 400px\" \/><\/div><\/a>\n\t\t\t\t<div class=\"elementor-post__badge\">Galer\u00eda de la Historia<\/div>\n\t\t\t\t<div class=\"elementor-post__text\">\n\t\t\t\t<h3 class=\"elementor-post__title\">\n\t\t\t<a href=\"https:\/\/www.ghconcepcion.cl\/index.php\/2025\/08\/19\/ruta-historica-concepcion-en-foco-una-mirada-al-patrimonio-urbano-a-traves-de-la-fotografia\/\" >\n\t\t\t\tRuta Hist\u00f3rica \u00abConcepci\u00f3n en Foco\u00bb: Una mirada al patrimonio urbano a trav\u00e9s de la fotograf\u00eda\t\t\t<\/a>\n\t\t<\/h3>\n\t\t\t\t<div class=\"elementor-post__excerpt\">\n\t\t\t<p>En el marco del Mes de la Fotograf\u00eda, la Direcci\u00f3n de Cultura de la Universidad Cat\u00f3lica de la Sant\u00edsima Concepci\u00f3n (UCSC) en conjunto con el<\/p>\n\t\t<\/div>\n\t\t\n\t\t<a class=\"elementor-post__read-more\" href=\"https:\/\/www.ghconcepcion.cl\/index.php\/2025\/08\/19\/ruta-historica-concepcion-en-foco-una-mirada-al-patrimonio-urbano-a-traves-de-la-fotografia\/\" aria-label=\"M\u00e1s informaci\u00f3n sobre Ruta Hist\u00f3rica \u00abConcepci\u00f3n en Foco\u00bb: Una mirada al patrimonio urbano a trav\u00e9s de la fotograf\u00eda\" tabindex=\"-1\" >\n\t\t\tLeer m\u00e1s \u00bb\t\t<\/a>\n\n\t\t\t\t<\/div>\n\t\t\t\t<div class=\"elementor-post__meta-data\">\n\t\t\t\t\t<span class=\"elementor-post-date\">\n\t\t\tagosto 19, 2025\t\t<\/span>\n\t\t\t\t<\/div>\n\t\t\t\t\t<\/div>\n\t\t<\/article>\n\t\t\t\t<article class=\"elementor-post elementor-grid-item post-4066 post type-post status-publish format-standard has-post-thumbnail hentry category-galeria-de-la-historia\">\n\t\t\t<div class=\"elementor-post__card\">\n\t\t\t\t<a class=\"elementor-post__thumbnail__link\" href=\"https:\/\/www.ghconcepcion.cl\/index.php\/2025\/08\/04\/v-encuentro-de-archivos-de-artes-visuales-del-biobio-se-lleva-a-cabo-en-ghc\/\" tabindex=\"-1\" ><div class=\"elementor-post__thumbnail\"><img loading=\"lazy\" decoding=\"async\" width=\"400\" height=\"267\" src=\"https:\/\/www.ghconcepcion.cl\/wp-content\/uploads\/2025\/08\/1avbb-400x267.jpg\" class=\"attachment-medium size-medium wp-image-4067\" alt=\"\" srcset=\"https:\/\/www.ghconcepcion.cl\/wp-content\/uploads\/2025\/08\/1avbb-400x267.jpg 400w, https:\/\/www.ghconcepcion.cl\/wp-content\/uploads\/2025\/08\/1avbb-1024x683.jpg 1024w, https:\/\/www.ghconcepcion.cl\/wp-content\/uploads\/2025\/08\/1avbb-768x512.jpg 768w, https:\/\/www.ghconcepcion.cl\/wp-content\/uploads\/2025\/08\/1avbb.jpg 1440w\" sizes=\"(max-width: 400px) 100vw, 400px\" \/><\/div><\/a>\n\t\t\t\t<div class=\"elementor-post__badge\">Galer\u00eda de la Historia<\/div>\n\t\t\t\t<div class=\"elementor-post__text\">\n\t\t\t\t<h3 class=\"elementor-post__title\">\n\t\t\t<a href=\"https:\/\/www.ghconcepcion.cl\/index.php\/2025\/08\/04\/v-encuentro-de-archivos-de-artes-visuales-del-biobio-se-lleva-a-cabo-en-ghc\/\" >\n\t\t\t\tV Encuentro de Archivos de Artes Visuales del Biob\u00edo se llev\u00f3 a cabo en GHC\t\t\t<\/a>\n\t\t<\/h3>\n\t\t\t\t<div class=\"elementor-post__excerpt\">\n\t\t\t<p>El foco de este V encuentro estuvo en la reflexi\u00f3n y agencia de los archivos de arte y pr\u00e1cticas colaborativas a nivel nacional y latinoamericano<\/p>\n\t\t<\/div>\n\t\t\n\t\t<a class=\"elementor-post__read-more\" href=\"https:\/\/www.ghconcepcion.cl\/index.php\/2025\/08\/04\/v-encuentro-de-archivos-de-artes-visuales-del-biobio-se-lleva-a-cabo-en-ghc\/\" aria-label=\"M\u00e1s informaci\u00f3n sobre V Encuentro de Archivos de Artes Visuales del Biob\u00edo se llev\u00f3 a cabo en GHC\" tabindex=\"-1\" >\n\t\t\tLeer m\u00e1s \u00bb\t\t<\/a>\n\n\t\t\t\t<\/div>\n\t\t\t\t<div class=\"elementor-post__meta-data\">\n\t\t\t\t\t<span class=\"elementor-post-date\">\n\t\t\tagosto 4, 2025\t\t<\/span>\n\t\t\t\t<\/div>\n\t\t\t\t\t<\/div>\n\t\t<\/article>\n\t\t\t\t<article class=\"elementor-post elementor-grid-item post-4058 post type-post status-publish format-standard has-post-thumbnail hentry category-galeria-de-la-historia\">\n\t\t\t<div class=\"elementor-post__card\">\n\t\t\t\t<a class=\"elementor-post__thumbnail__link\" href=\"https:\/\/www.ghconcepcion.cl\/index.php\/2025\/07\/24\/ucsc-reconocio-a-galeria-de-la-historia-como-uno-de-los-actores-relevantes-en-vinculacion-con-el-medio-2024\/\" tabindex=\"-1\" ><div class=\"elementor-post__thumbnail\"><img loading=\"lazy\" decoding=\"async\" width=\"400\" height=\"267\" src=\"https:\/\/www.ghconcepcion.cl\/wp-content\/uploads\/2025\/07\/54672522840_a0d00bd090_o-400x267.jpg\" class=\"attachment-medium size-medium wp-image-4061\" alt=\"\" srcset=\"https:\/\/www.ghconcepcion.cl\/wp-content\/uploads\/2025\/07\/54672522840_a0d00bd090_o-400x267.jpg 400w, https:\/\/www.ghconcepcion.cl\/wp-content\/uploads\/2025\/07\/54672522840_a0d00bd090_o-1024x683.jpg 1024w, https:\/\/www.ghconcepcion.cl\/wp-content\/uploads\/2025\/07\/54672522840_a0d00bd090_o-768x512.jpg 768w, https:\/\/www.ghconcepcion.cl\/wp-content\/uploads\/2025\/07\/54672522840_a0d00bd090_o-1536x1024.jpg 1536w, https:\/\/www.ghconcepcion.cl\/wp-content\/uploads\/2025\/07\/54672522840_a0d00bd090_o-2048x1365.jpg 2048w\" sizes=\"(max-width: 400px) 100vw, 400px\" \/><\/div><\/a>\n\t\t\t\t<div class=\"elementor-post__badge\">Galer\u00eda de la Historia<\/div>\n\t\t\t\t<div class=\"elementor-post__text\">\n\t\t\t\t<h3 class=\"elementor-post__title\">\n\t\t\t<a href=\"https:\/\/www.ghconcepcion.cl\/index.php\/2025\/07\/24\/ucsc-reconocio-a-galeria-de-la-historia-como-uno-de-los-actores-relevantes-en-vinculacion-con-el-medio-2024\/\" >\n\t\t\t\tUCSC reconoci\u00f3 a Galer\u00eda de la Historia como uno de los actores relevantes en Vinculaci\u00f3n con el Medio 2024\t\t\t<\/a>\n\t\t<\/h3>\n\t\t\t\t<div class=\"elementor-post__excerpt\">\n\t\t\t<p>El pasado martes 22 de julio de 2025, la Vicerrector\u00eda de Vinculaci\u00f3n con el Medio de la Universidad Cat\u00f3lica de la Sant\u00edsima Concepci\u00f3n reconoci\u00f3 a<\/p>\n\t\t<\/div>\n\t\t\n\t\t<a class=\"elementor-post__read-more\" href=\"https:\/\/www.ghconcepcion.cl\/index.php\/2025\/07\/24\/ucsc-reconocio-a-galeria-de-la-historia-como-uno-de-los-actores-relevantes-en-vinculacion-con-el-medio-2024\/\" aria-label=\"M\u00e1s informaci\u00f3n sobre UCSC reconoci\u00f3 a Galer\u00eda de la Historia como uno de los actores relevantes en Vinculaci\u00f3n con el Medio 2024\" tabindex=\"-1\" >\n\t\t\tLeer m\u00e1s \u00bb\t\t<\/a>\n\n\t\t\t\t<\/div>\n\t\t\t\t<div class=\"elementor-post__meta-data\">\n\t\t\t\t\t<span class=\"elementor-post-date\">\n\t\t\tjulio 24, 2025\t\t<\/span>\n\t\t\t\t<\/div>\n\t\t\t\t\t<\/div>\n\t\t<\/article>\n\t\t\t\t<article class=\"elementor-post elementor-grid-item post-4030 post type-post status-publish format-standard has-post-thumbnail hentry category-galeria-de-la-historia\">\n\t\t\t<div class=\"elementor-post__card\">\n\t\t\t\t<a class=\"elementor-post__thumbnail__link\" href=\"https:\/\/www.ghconcepcion.cl\/index.php\/2025\/07\/14\/conversatorio-142-anos-de-la-batalla-de-huamachuco\/\" tabindex=\"-1\" ><div class=\"elementor-post__thumbnail\"><img loading=\"lazy\" decoding=\"async\" width=\"300\" height=\"400\" src=\"https:\/\/www.ghconcepcion.cl\/wp-content\/uploads\/2025\/07\/WhatsApp-Image-2025-07-14-at-10.07.04-11-300x400.jpeg\" class=\"attachment-medium size-medium wp-image-4055\" alt=\"\" srcset=\"https:\/\/www.ghconcepcion.cl\/wp-content\/uploads\/2025\/07\/WhatsApp-Image-2025-07-14-at-10.07.04-11-300x400.jpeg 300w, https:\/\/www.ghconcepcion.cl\/wp-content\/uploads\/2025\/07\/WhatsApp-Image-2025-07-14-at-10.07.04-11-768x1024.jpeg 768w, https:\/\/www.ghconcepcion.cl\/wp-content\/uploads\/2025\/07\/WhatsApp-Image-2025-07-14-at-10.07.04-11-1152x1536.jpeg 1152w, https:\/\/www.ghconcepcion.cl\/wp-content\/uploads\/2025\/07\/WhatsApp-Image-2025-07-14-at-10.07.04-11-1536x2048.jpeg 1536w, https:\/\/www.ghconcepcion.cl\/wp-content\/uploads\/2025\/07\/WhatsApp-Image-2025-07-14-at-10.07.04-11-scaled.jpeg 1920w\" sizes=\"(max-width: 300px) 100vw, 300px\" \/><\/div><\/a>\n\t\t\t\t<div class=\"elementor-post__badge\">Galer\u00eda de la Historia<\/div>\n\t\t\t\t<div class=\"elementor-post__text\">\n\t\t\t\t<h3 class=\"elementor-post__title\">\n\t\t\t<a href=\"https:\/\/www.ghconcepcion.cl\/index.php\/2025\/07\/14\/conversatorio-142-anos-de-la-batalla-de-huamachuco\/\" >\n\t\t\t\tConversatorio: 142 a\u00f1os de la Batalla de Huamachuco\t\t\t<\/a>\n\t\t<\/h3>\n\t\t\t\t<div class=\"elementor-post__excerpt\">\n\t\t\t<p>Conmemoraci\u00f3n de los 142 a\u00f1os de la Batalla de Huamachuco destaca el rol del Batall\u00f3n C\u00edvico Movilizado de Concepci\u00f3n en la Guerra del Pac\u00edfico. En<\/p>\n\t\t<\/div>\n\t\t\n\t\t<a class=\"elementor-post__read-more\" href=\"https:\/\/www.ghconcepcion.cl\/index.php\/2025\/07\/14\/conversatorio-142-anos-de-la-batalla-de-huamachuco\/\" aria-label=\"M\u00e1s informaci\u00f3n sobre Conversatorio: 142 a\u00f1os de la Batalla de Huamachuco\" tabindex=\"-1\" >\n\t\t\tLeer m\u00e1s \u00bb\t\t<\/a>\n\n\t\t\t\t<\/div>\n\t\t\t\t<div class=\"elementor-post__meta-data\">\n\t\t\t\t\t<span class=\"elementor-post-date\">\n\t\t\tjulio 14, 2025\t\t<\/span>\n\t\t\t\t<\/div>\n\t\t\t\t\t<\/div>\n\t\t<\/article>\n\t\t\t\t<\/div>\n\t\t\t\t\t<span class=\"e-load-more-spinner\">\n\t\t\t\t<svg aria-hidden=\"true\" class=\"e-font-icon-svg e-fas-spinner\" viewBox=\"0 0 512 512\" xmlns=\"http:\/\/www.w3.org\/2000\/svg\"><path d=\"M304 48c0 26.51-21.49 48-48 48s-48-21.49-48-48 21.49-48 48-48 48 21.49 48 48zm-48 368c-26.51 0-48 21.49-48 48s21.49 48 48 48 48-21.49 48-48-21.49-48-48-48zm208-208c-26.51 0-48 21.49-48 48s21.49 48 48 48 48-21.49 48-48-21.49-48-48-48zM96 256c0-26.51-21.49-48-48-48S0 229.49 0 256s21.49 48 48 48 48-21.49 48-48zm12.922 99.078c-26.51 0-48 21.49-48 48s21.49 48 48 48 48-21.49 48-48c0-26.509-21.491-48-48-48zm294.156 0c-26.51 0-48 21.49-48 48s21.49 48 48 48 48-21.49 48-48c0-26.509-21.49-48-48-48zM108.922 60.922c-26.51 0-48 21.49-48 48s21.49 48 48 48 48-21.49 48-48-21.491-48-48-48z\"><\/path><\/svg>\t\t\t<\/span>\n\t\t\n\t\t\t\t<div class=\"e-load-more-anchor\" data-page=\"1\" data-max-page=\"18\" data-next-page=\"https:\/\/www.ghconcepcion.cl\/index.php\/wp-json\/wp\/v2\/pages\/2231\/page\/2\/\"><\/div>\n\t\t\t\t<div class=\"e-load-more-message\"><\/div>\n\t\t\t\t\t\t<\/div>\n\t\t\t\t<\/div>\n\t\t\t\t\t<\/div>\n\t\t\t\t<\/div>\n\t\t\t\t<\/div>\n\t\t","protected":false},"excerpt":{"rendered":"<p>En esta secci\u00f3n podr\u00e1s revisar todas nuestras invitaciones y actividades<\/p>\n","protected":false},"author":1,"featured_media":0,"parent":0,"menu_order":0,"comment_status":"closed","ping_status":"closed","template":"","meta":{"footnotes":""},"class_list":["post-2231","page","type-page","status-publish","hentry"],"_links":{"self":[{"href":"https:\/\/www.ghconcepcion.cl\/index.php\/wp-json\/wp\/v2\/pages\/2231","targetHints":{"allow":["GET"]}}],"collection":[{"href":"https:\/\/www.ghconcepcion.cl\/index.php\/wp-json\/wp\/v2\/pages"}],"about":[{"href":"https:\/\/www.ghconcepcion.cl\/index.php\/wp-json\/wp\/v2\/types\/page"}],"author":[{"embeddable":true,"href":"https:\/\/www.ghconcepcion.cl\/index.php\/wp-json\/wp\/v2\/users\/1"}],"replies":[{"embeddable":true,"href":"https:\/\/www.ghconcepcion.cl\/index.php\/wp-json\/wp\/v2\/comments?post=2231"}],"version-history":[{"count":10,"href":"https:\/\/www.ghconcepcion.cl\/index.php\/wp-json\/wp\/v2\/pages\/2231\/revisions"}],"predecessor-version":[{"id":3743,"href":"https:\/\/www.ghconcepcion.cl\/index.php\/wp-json\/wp\/v2\/pages\/2231\/revisions\/3743"}],"wp:attachment":[{"href":"https:\/\/www.ghconcepcion.cl\/index.php\/wp-json\/wp\/v2\/media?parent=2231"}],"curies":[{"name":"wp","href":"https:\/\/api.w.org\/{rel}","templated":true}]}}