{"id":3501,"date":"2024-08-07T16:12:07","date_gmt":"2024-08-07T16:12:07","guid":{"rendered":"https:\/\/www.ghconcepcion.cl\/?page_id=3501"},"modified":"2026-04-06T14:53:30","modified_gmt":"2026-04-06T14:53:30","slug":"elementor-3501","status":"publish","type":"page","link":"https:\/\/www.ghconcepcion.cl\/","title":{"rendered":"Inicio elementor"},"content":{"rendered":"\t\t<div data-elementor-type=\"wp-post\" data-elementor-id=\"3501\" class=\"elementor elementor-3501\" data-elementor-post-type=\"page\">\n\t\t\t\t<div class=\"elementor-element elementor-element-50d1b1d e-con-full e-flex e-con e-parent\" data-id=\"50d1b1d\" data-element_type=\"container\" data-e-type=\"container\">\n\t\t\t\t<div class=\"elementor-element elementor-element-2e07f59 elementor-widget elementor-widget-slider_revolution\" data-id=\"2e07f59\" data-element_type=\"widget\" data-e-type=\"widget\" data-widget_type=\"slider_revolution.default\">\n\t\t\t\t<div class=\"elementor-widget-container\">\n\t\t\t\t\t\n\t\t<div class=\"wp-block-themepunch-revslider\">\n\t\t\t<!-- START galer REVOLUTION SLIDER 6.7.13 --><p class=\"rs-p-wp-fix\"><\/p>\n\t\t\t<rs-module-wrap id=\"rev_slider_1_1_wrapper\" data-source=\"gallery\" style=\"visibility:hidden;background:transparent;padding:0;margin:0px auto;margin-top:0;margin-bottom:0;\">\n\t\t\t\t<rs-module id=\"rev_slider_1_1\" style=\"\" data-version=\"6.7.13\">\n\t\t\t\t\t<rs-slides style=\"overflow: hidden; position: absolute;\">\n\t\t\t\t\t\t<rs-slide style=\"position: absolute;\" data-key=\"rs-98\" data-title=\"Slide\" data-in=\"o:0;\" data-out=\"a:false;\">\n\t\t\t\t\t\t\t<img decoding=\"async\" src=\"\/\/www.ghconcepcion.cl\/wp-content\/plugins\/revslider\/sr6\/assets\/assets\/dummy.png\" alt=\"Slide\" title=\"Inicio elementor\" class=\"rev-slidebg tp-rs-img rs-lazyload\" data-lazyload=\"\/\/www.ghconcepcion.cl\/wp-content\/plugins\/revslider\/sr6\/assets\/assets\/transparent.png\" data-no-retina>\n<!--\n\t\t\t\t\t\t\t--><rs-layer\n\t\t\t\t\t\t\t\tid=\"slider-1-slide-98-layer-6\" \n\t\t\t\t\t\t\t\tdata-type=\"image\"\n\t\t\t\t\t\t\t\tdata-rsp_ch=\"on\"\n\t\t\t\t\t\t\t\tdata-xy=\"x:-498px;y:-613px;\"\n\t\t\t\t\t\t\t\tdata-text=\"w:normal;\"\n\t\t\t\t\t\t\t\tdata-dim=\"w:2400px;h:1642px;\"\n\t\t\t\t\t\t\t\tdata-frame_999=\"o:0;st:w;\"\n\t\t\t\t\t\t\t\tstyle=\"z-index:5;\"\n\t\t\t\t\t\t\t><img fetchpriority=\"high\" decoding=\"async\" src=\"\/\/www.ghconcepcion.cl\/wp-content\/plugins\/revslider\/sr6\/assets\/assets\/dummy.png\" alt=\"\" class=\"tp-rs-img rs-lazyload\" width=\"2400\" height=\"1642\" data-lazyload=\"\/\/www.ghconcepcion.cl\/wp-content\/uploads\/2024\/08\/1-cafe_-20.png\" data-no-retina> \n\t\t\t\t\t\t\t<\/rs-layer><!--\n-->\t\t\t\t\t<\/rs-slide>\n\t\t\t\t\t\t<rs-slide style=\"position: absolute;\" data-key=\"rs-50\" data-title=\"Slide\" data-thumb=\"\/\/www.ghconcepcion.cl\/wp-content\/uploads\/2020\/07\/POPUP-S.C.G.P-01-copy.png\" data-anim=\"ms:600;\" data-in=\"o:0;\" data-out=\"a:false;\">\n\t\t\t\t\t\t\t<img decoding=\"async\" src=\"\/\/www.ghconcepcion.cl\/wp-content\/plugins\/revslider\/sr6\/assets\/assets\/dummy.png\" alt=\"Slide\" title=\"Inicio elementor\" class=\"rev-slidebg tp-rs-img rs-lazyload\" data-lazyload=\"\/\/www.ghconcepcion.cl\/wp-content\/plugins\/revslider\/sr6\/assets\/assets\/transparent.png\" data-bg=\"c:#000000;\" data-no-retina>\n<!--\n\t\t\t\t\t\t\t--><rs-layer\n\t\t\t\t\t\t\t\tid=\"slider-1-slide-50-layer-5\" \n\t\t\t\t\t\t\t\tdata-type=\"image\"\n\t\t\t\t\t\t\t\tdata-rsp_ch=\"on\"\n\t\t\t\t\t\t\t\tdata-xy=\"x:-51px;y:92px;\"\n\t\t\t\t\t\t\t\tdata-text=\"w:normal;\"\n\t\t\t\t\t\t\t\tdata-dim=\"w:1331px;h:813px;\"\n\t\t\t\t\t\t\t\tdata-frame_999=\"o:0;st:w;\"\n\t\t\t\t\t\t\t\tstyle=\"z-index:5;\"\n\t\t\t\t\t\t\t><img decoding=\"async\" src=\"\/\/www.ghconcepcion.cl\/wp-content\/plugins\/revslider\/sr6\/assets\/assets\/dummy.png\" alt=\"\" class=\"tp-rs-img rs-lazyload\" width=\"1000\" height=\"611\" data-lazyload=\"\/\/www.ghconcepcion.cl\/wp-content\/uploads\/2021\/04\/1- BAJA S.C.G.P-01.png\" data-no-retina> \n\t\t\t\t\t\t\t<\/rs-layer><!--\n-->\t\t\t\t\t<\/rs-slide>\n\t\t\t\t\t\t<rs-slide style=\"position: absolute;\" data-key=\"rs-39\" data-title=\"Slide\" data-thumb=\"\/\/www.ghconcepcion.cl\/wp-content\/uploads\/2018\/07\/SLIDER-5-03-100x50.png\" data-anim=\"adpr:false;\">\n\t\t\t\t\t\t\t<img decoding=\"async\" src=\"\/\/www.ghconcepcion.cl\/wp-content\/plugins\/revslider\/sr6\/assets\/assets\/dummy.png\" alt=\"\" title=\"Inicio elementor\" class=\"rev-slidebg tp-rs-img rs-lazyload\" data-lazyload=\"\/\/www.ghconcepcion.cl\/wp-content\/uploads\/2018\/07\/SLIDER-5-03.png\" data-no-retina>\n<!---->\t\t\t\t\t<\/rs-slide>\n\t\t\t\t\t\t<rs-slide style=\"position: absolute;\" data-key=\"rs-40\" data-title=\"Slide\" data-thumb=\"\/\/www.ghconcepcion.cl\/wp-content\/uploads\/2018\/07\/SLIDER-5-04-100x50.png\" data-anim=\"adpr:false;\">\n\t\t\t\t\t\t\t<img decoding=\"async\" src=\"\/\/www.ghconcepcion.cl\/wp-content\/plugins\/revslider\/sr6\/assets\/assets\/dummy.png\" alt=\"\" title=\"Inicio elementor\" class=\"rev-slidebg tp-rs-img rs-lazyload\" data-lazyload=\"\/\/www.ghconcepcion.cl\/wp-content\/uploads\/2018\/07\/SLIDER-5-04.png\" data-no-retina>\n<!---->\t\t\t\t\t<\/rs-slide>\n\t\t\t\t\t\t<rs-slide style=\"position: absolute;\" data-key=\"rs-41\" data-title=\"Slide\" data-thumb=\"\/\/www.ghconcepcion.cl\/wp-content\/uploads\/2018\/07\/SLIDER-5-11-copy-100x50.png\" data-anim=\"adpr:false;\">\n\t\t\t\t\t\t\t<img decoding=\"async\" src=\"\/\/www.ghconcepcion.cl\/wp-content\/plugins\/revslider\/sr6\/assets\/assets\/dummy.png\" alt=\"\" title=\"Inicio elementor\" class=\"rev-slidebg tp-rs-img rs-lazyload\" data-lazyload=\"\/\/www.ghconcepcion.cl\/wp-content\/uploads\/2018\/07\/SLIDER-5-11-copy.png\" data-no-retina>\n<!---->\t\t\t\t\t<\/rs-slide>\n\t\t\t\t\t\t<rs-slide style=\"position: absolute;\" data-key=\"rs-42\" data-title=\"Slide\" data-thumb=\"\/\/www.ghconcepcion.cl\/wp-content\/uploads\/2018\/07\/SLIDER-5-10-100x50.png\" data-anim=\"adpr:false;\">\n\t\t\t\t\t\t\t<img decoding=\"async\" src=\"\/\/www.ghconcepcion.cl\/wp-content\/plugins\/revslider\/sr6\/assets\/assets\/dummy.png\" alt=\"\" title=\"Inicio elementor\" class=\"rev-slidebg tp-rs-img rs-lazyload\" data-lazyload=\"\/\/www.ghconcepcion.cl\/wp-content\/uploads\/2018\/07\/SLIDER-5-10.png\" data-no-retina>\n<!---->\t\t\t\t\t<\/rs-slide>\n\t\t\t\t\t\t<rs-slide style=\"position: absolute;\" data-key=\"rs-43\" data-title=\"Slide\" data-thumb=\"\/\/www.ghconcepcion.cl\/wp-content\/uploads\/2018\/07\/SLIDER-5-05-100x50.png\" data-anim=\"adpr:false;\">\n\t\t\t\t\t\t\t<img decoding=\"async\" src=\"\/\/www.ghconcepcion.cl\/wp-content\/plugins\/revslider\/sr6\/assets\/assets\/dummy.png\" alt=\"\" title=\"Inicio elementor\" class=\"rev-slidebg tp-rs-img rs-lazyload\" data-lazyload=\"\/\/www.ghconcepcion.cl\/wp-content\/uploads\/2018\/07\/SLIDER-5-05.png\" data-no-retina>\n<!---->\t\t\t\t\t<\/rs-slide>\n\t\t\t\t\t\t<rs-slide style=\"position: absolute;\" data-key=\"rs-45\" data-title=\"Slide\" data-thumb=\"\/\/www.ghconcepcion.cl\/wp-content\/uploads\/2018\/07\/SLIDER-5-08-100x50.png\" data-anim=\"adpr:false;\">\n\t\t\t\t\t\t\t<img decoding=\"async\" src=\"\/\/www.ghconcepcion.cl\/wp-content\/plugins\/revslider\/sr6\/assets\/assets\/dummy.png\" alt=\"\" title=\"Inicio elementor\" class=\"rev-slidebg tp-rs-img rs-lazyload\" data-lazyload=\"\/\/www.ghconcepcion.cl\/wp-content\/uploads\/2018\/07\/SLIDER-5-08.png\" data-no-retina>\n<!---->\t\t\t\t\t<\/rs-slide>\n\t\t\t\t\t\t<rs-slide style=\"position: absolute;\" data-key=\"rs-44\" data-title=\"Slide\" data-thumb=\"\/\/www.ghconcepcion.cl\/wp-content\/uploads\/2018\/07\/SLIDER-5-09-100x50.png\" data-anim=\"adpr:false;\">\n\t\t\t\t\t\t\t<img decoding=\"async\" src=\"\/\/www.ghconcepcion.cl\/wp-content\/plugins\/revslider\/sr6\/assets\/assets\/dummy.png\" alt=\"\" title=\"Inicio elementor\" class=\"rev-slidebg tp-rs-img rs-lazyload\" data-lazyload=\"\/\/www.ghconcepcion.cl\/wp-content\/uploads\/2018\/07\/SLIDER-5-09.png\" data-no-retina>\n<!---->\t\t\t\t\t<\/rs-slide>\n\t\t\t\t\t\t<rs-slide style=\"position: absolute;\" data-key=\"rs-96\" data-title=\"Slide\" data-in=\"o:0;\" data-out=\"a:false;\">\n\t\t\t\t\t\t\t<img decoding=\"async\" src=\"\/\/www.ghconcepcion.cl\/wp-content\/plugins\/revslider\/sr6\/assets\/assets\/dummy.png\" alt=\"Slide\" title=\"Inicio elementor\" class=\"rev-slidebg tp-rs-img rs-lazyload\" data-lazyload=\"\/\/www.ghconcepcion.cl\/wp-content\/plugins\/revslider\/sr6\/assets\/assets\/transparent.png\" data-no-retina>\n<!--\n\t\t\t\t\t\t\t--><rs-layer\n\t\t\t\t\t\t\t\tid=\"slider-1-slide-96-layer-3\" \n\t\t\t\t\t\t\t\tdata-type=\"image\"\n\t\t\t\t\t\t\t\tdata-rsp_ch=\"on\"\n\t\t\t\t\t\t\t\tdata-xy=\"x:-509px;y:-713px;\"\n\t\t\t\t\t\t\t\tdata-text=\"w:normal;\"\n\t\t\t\t\t\t\t\tdata-dim=\"w:2560px;h:1637px;\"\n\t\t\t\t\t\t\t\tdata-frame_999=\"o:0;st:w;\"\n\t\t\t\t\t\t\t\tstyle=\"z-index:5;\"\n\t\t\t\t\t\t\t><img decoding=\"async\" src=\"\/\/www.ghconcepcion.cl\/wp-content\/plugins\/revslider\/sr6\/assets\/assets\/dummy.png\" alt=\"\" class=\"tp-rs-img rs-lazyload\" width=\"2560\" height=\"1637\" data-lazyload=\"\/\/www.ghconcepcion.cl\/wp-content\/uploads\/2024\/08\/1-IMG_6011-Editar-scaled.jpeg\" data-no-retina> \n\t\t\t\t\t\t\t<\/rs-layer><!--\n-->\t\t\t\t\t<\/rs-slide>\n\t\t\t\t\t<\/rs-slides>\n\t\t\t\t<\/rs-module>\n\t\t\t\t<script>\n\t\t\t\t\tsetREVStartSize({c: 'rev_slider_1_1',rl:[1240,1024,778,480],el:[800],gw:[1240],gh:[800],type:'standard',justify:'',layout:'fullwidth',mh:\"0\"});if (window.RS_MODULES!==undefined && window.RS_MODULES.modules!==undefined && window.RS_MODULES.modules[\"revslider11\"]!==undefined) {window.RS_MODULES.modules[\"revslider11\"].once = false;window.revapi1 = undefined;if (window.RS_MODULES.checkMinimal!==undefined) window.RS_MODULES.checkMinimal()}\n\t\t\t\t<\/script>\n\t\t\t<\/rs-module-wrap>\n\t\t\t<!-- END REVOLUTION SLIDER -->\n<\/div>\n\n\t\t\t\t\t\t<\/div>\n\t\t\t\t<\/div>\n\t\t\t\t<\/div>\n\t\t<div class=\"elementor-element elementor-element-240e921 e-flex e-con-boxed e-con e-parent\" data-id=\"240e921\" data-element_type=\"container\" data-e-type=\"container\" data-settings=\"{&quot;background_background&quot;:&quot;classic&quot;}\">\n\t\t\t\t\t<div class=\"e-con-inner\">\n\t\t<div class=\"elementor-element elementor-element-1689634 e-con-full e-flex e-con e-child\" data-id=\"1689634\" data-element_type=\"container\" data-e-type=\"container\">\n\t\t\t\t<div class=\"elementor-element elementor-element-21719d1 elementor-widget elementor-widget-text-editor\" data-id=\"21719d1\" data-element_type=\"widget\" data-e-type=\"widget\" data-widget_type=\"text-editor.default\">\n\t\t\t\t<div class=\"elementor-widget-container\">\n\t\t\t\t\t\t\t\t\t<h3 style=\"color: #dfd7c6;\"><img decoding=\"async\" style=\"position: relative; top: 4px; margin-right: 10px;\" src=\"http:\/\/www.ghconcepcion.cl\/wp-content\/uploads\/2014\/11\/home_museum_icon1.png\" alt=\"\" \/>Rese\u00f1a<\/h3><p class=\"big\" style=\"margin: 0; color: #ababad;\">\u00a0Este centro cultural est\u00e1 ubicado a los pies del Cerro Caracol y en el coraz\u00f3n del Parque Ecuador, donde confluyen la historia, el patrimonio, las artes, la gastronom\u00eda y el ocio.<\/p>\t\t\t\t\t\t\t\t<\/div>\n\t\t\t\t<\/div>\n\t\t\t\t<\/div>\n\t\t<div class=\"elementor-element elementor-element-0f79487 e-con-full e-flex e-con e-child\" data-id=\"0f79487\" data-element_type=\"container\" data-e-type=\"container\">\n\t\t\t\t<div class=\"elementor-element elementor-element-113ea43 elementor-widget elementor-widget-text-editor\" data-id=\"113ea43\" data-element_type=\"widget\" data-e-type=\"widget\" data-widget_type=\"text-editor.default\">\n\t\t\t\t<div class=\"elementor-widget-container\">\n\t\t\t\t\t\t\t\t\t<h3 style=\"color: #dfd7c6;\"><img decoding=\"async\" style=\"position: relative; top: 4px; margin-right: 10px;\" src=\"http:\/\/www.ghconcepcion.cl\/wp-content\/uploads\/2014\/11\/home_museum_icon2.png\" alt=\"\" \/>Horario<\/h3><p class=\"big\" style=\"margin: 0; color: #ababad;\">Martes a domingo: 10:00 a 18:00 horas<br \/>Lunes: Cerrado<\/p>\t\t\t\t\t\t\t\t<\/div>\n\t\t\t\t<\/div>\n\t\t\t\t<\/div>\n\t\t<div class=\"elementor-element elementor-element-f1df1d3 e-con-full e-flex e-con e-child\" data-id=\"f1df1d3\" data-element_type=\"container\" data-e-type=\"container\">\n\t\t\t\t<div class=\"elementor-element elementor-element-16c432f elementor-widget elementor-widget-text-editor\" data-id=\"16c432f\" data-element_type=\"widget\" data-e-type=\"widget\" data-widget_type=\"text-editor.default\">\n\t\t\t\t<div class=\"elementor-widget-container\">\n\t\t\t\t\t\t\t\t\t<h3 style=\"color: #dfd7c6;\"><img decoding=\"async\" style=\"position: relative; top: 3px; margin-right: 10px;\" src=\"http:\/\/www.ghconcepcion.cl\/wp-content\/uploads\/2014\/11\/home_museum_icon3.png\" alt=\"\" \/>Entrada Liberada<\/h3><p class=\"big\" style=\"margin: 0; color: #ababad;\">Con aporte voluntario<\/p>\t\t\t\t\t\t\t\t<\/div>\n\t\t\t\t<\/div>\n\t\t\t\t<div class=\"elementor-element elementor-element-d4704db e-grid-align-left elementor-shape-rounded elementor-grid-0 elementor-widget elementor-widget-social-icons\" data-id=\"d4704db\" data-element_type=\"widget\" data-e-type=\"widget\" data-widget_type=\"social-icons.default\">\n\t\t\t\t<div class=\"elementor-widget-container\">\n\t\t\t\t\t\t\t<div class=\"elementor-social-icons-wrapper elementor-grid\" role=\"list\">\n\t\t\t\t\t\t\t<span class=\"elementor-grid-item\" role=\"listitem\">\n\t\t\t\t\t<a class=\"elementor-icon elementor-social-icon elementor-social-icon-facebook elementor-repeater-item-b1b41bf\" href=\"https:\/\/www.facebook.com\/galeriahistoriaconcepcion\" target=\"_blank\">\n\t\t\t\t\t\t<span class=\"elementor-screen-only\">Facebook<\/span>\n\t\t\t\t\t\t<svg aria-hidden=\"true\" class=\"e-font-icon-svg e-fab-facebook\" viewBox=\"0 0 512 512\" xmlns=\"http:\/\/www.w3.org\/2000\/svg\"><path d=\"M504 256C504 119 393 8 256 8S8 119 8 256c0 123.78 90.69 226.38 209.25 245V327.69h-63V256h63v-54.64c0-62.15 37-96.48 93.67-96.48 27.14 0 55.52 4.84 55.52 4.84v61h-31.28c-30.8 0-40.41 19.12-40.41 38.73V256h68.78l-11 71.69h-57.78V501C413.31 482.38 504 379.78 504 256z\"><\/path><\/svg>\t\t\t\t\t<\/a>\n\t\t\t\t<\/span>\n\t\t\t\t\t\t\t<span class=\"elementor-grid-item\" role=\"listitem\">\n\t\t\t\t\t<a class=\"elementor-icon elementor-social-icon elementor-social-icon-instagram elementor-repeater-item-4e23a82\" href=\"https:\/\/www.instagram.com\/galeriahistoriaconcepcion\" target=\"_blank\">\n\t\t\t\t\t\t<span class=\"elementor-screen-only\">Instagram<\/span>\n\t\t\t\t\t\t<svg aria-hidden=\"true\" class=\"e-font-icon-svg e-fab-instagram\" viewBox=\"0 0 448 512\" xmlns=\"http:\/\/www.w3.org\/2000\/svg\"><path d=\"M224.1 141c-63.6 0-114.9 51.3-114.9 114.9s51.3 114.9 114.9 114.9S339 319.5 339 255.9 287.7 141 224.1 141zm0 189.6c-41.1 0-74.7-33.5-74.7-74.7s33.5-74.7 74.7-74.7 74.7 33.5 74.7 74.7-33.6 74.7-74.7 74.7zm146.4-194.3c0 14.9-12 26.8-26.8 26.8-14.9 0-26.8-12-26.8-26.8s12-26.8 26.8-26.8 26.8 12 26.8 26.8zm76.1 27.2c-1.7-35.9-9.9-67.7-36.2-93.9-26.2-26.2-58-34.4-93.9-36.2-37-2.1-147.9-2.1-184.9 0-35.8 1.7-67.6 9.9-93.9 36.1s-34.4 58-36.2 93.9c-2.1 37-2.1 147.9 0 184.9 1.7 35.9 9.9 67.7 36.2 93.9s58 34.4 93.9 36.2c37 2.1 147.9 2.1 184.9 0 35.9-1.7 67.7-9.9 93.9-36.2 26.2-26.2 34.4-58 36.2-93.9 2.1-37 2.1-147.8 0-184.8zM398.8 388c-7.8 19.6-22.9 34.7-42.6 42.6-29.5 11.7-99.5 9-132.1 9s-102.7 2.6-132.1-9c-19.6-7.8-34.7-22.9-42.6-42.6-11.7-29.5-9-99.5-9-132.1s-2.6-102.7 9-132.1c7.8-19.6 22.9-34.7 42.6-42.6 29.5-11.7 99.5-9 132.1-9s102.7-2.6 132.1 9c19.6 7.8 34.7 22.9 42.6 42.6 11.7 29.5 9 99.5 9 132.1s2.7 102.7-9 132.1z\"><\/path><\/svg>\t\t\t\t\t<\/a>\n\t\t\t\t<\/span>\n\t\t\t\t\t\t\t<span class=\"elementor-grid-item\" role=\"listitem\">\n\t\t\t\t\t<a class=\"elementor-icon elementor-social-icon elementor-social-icon-youtube elementor-repeater-item-a77c9eb\" href=\"https:\/\/www.youtube.com\/channel\/UCeV99SwFj4a68pnSwDpob_w\" target=\"_blank\">\n\t\t\t\t\t\t<span class=\"elementor-screen-only\">Youtube<\/span>\n\t\t\t\t\t\t<svg aria-hidden=\"true\" class=\"e-font-icon-svg e-fab-youtube\" viewBox=\"0 0 576 512\" xmlns=\"http:\/\/www.w3.org\/2000\/svg\"><path d=\"M549.655 124.083c-6.281-23.65-24.787-42.276-48.284-48.597C458.781 64 288 64 288 64S117.22 64 74.629 75.486c-23.497 6.322-42.003 24.947-48.284 48.597-11.412 42.867-11.412 132.305-11.412 132.305s0 89.438 11.412 132.305c6.281 23.65 24.787 41.5 48.284 47.821C117.22 448 288 448 288 448s170.78 0 213.371-11.486c23.497-6.321 42.003-24.171 48.284-47.821 11.412-42.867 11.412-132.305 11.412-132.305s0-89.438-11.412-132.305zm-317.51 213.508V175.185l142.739 81.205-142.739 81.201z\"><\/path><\/svg>\t\t\t\t\t<\/a>\n\t\t\t\t<\/span>\n\t\t\t\t\t<\/div>\n\t\t\t\t\t\t<\/div>\n\t\t\t\t<\/div>\n\t\t\t\t<\/div>\n\t\t\t\t\t<\/div>\n\t\t\t\t<\/div>\n\t\t<div class=\"elementor-element elementor-element-292c9ea e-flex e-con-boxed e-con e-parent\" data-id=\"292c9ea\" data-element_type=\"container\" data-e-type=\"container\">\n\t\t\t\t\t<div class=\"e-con-inner\">\n\t\t\t\t<div class=\"elementor-element elementor-element-ad8f1cc elementor-widget elementor-widget-heading\" data-id=\"ad8f1cc\" data-element_type=\"widget\" data-e-type=\"widget\" data-widget_type=\"heading.default\">\n\t\t\t\t<div class=\"elementor-widget-container\">\n\t\t\t\t\t<h2 class=\"elementor-heading-title elementor-size-default\">Bienvenidos a la Galer\u00eda de la Historia de Concepci\u00f3n<\/h2>\t\t\t\t<\/div>\n\t\t\t\t<\/div>\n\t\t\t\t\t<\/div>\n\t\t\t\t<\/div>\n\t\t<div class=\"elementor-element elementor-element-1fd196a e-flex e-con-boxed e-con e-parent\" data-id=\"1fd196a\" data-element_type=\"container\" data-e-type=\"container\">\n\t\t\t\t\t<div class=\"e-con-inner\">\n\t\t<div class=\"elementor-element elementor-element-da79d73 e-con-full e-flex e-con e-child\" data-id=\"da79d73\" data-element_type=\"container\" data-e-type=\"container\" data-settings=\"{&quot;background_background&quot;:&quot;classic&quot;}\">\n\t\t\t\t<div class=\"elementor-element elementor-element-b7c67be elementor-widget elementor-widget-image\" data-id=\"b7c67be\" data-element_type=\"widget\" data-e-type=\"widget\" data-widget_type=\"image.default\">\n\t\t\t\t<div class=\"elementor-widget-container\">\n\t\t\t\t\t\t\t\t\t\t\t\t\t\t\t\t<a href=\"https:\/\/drive.google.com\/file\/d\/1iDFg2yoCaZziovjETcGDvE5Vsxh_FV93\/view\" target=\"_blank\">\n\t\t\t\t\t\t\t<img loading=\"lazy\" decoding=\"async\" width=\"530\" height=\"720\" src=\"https:\/\/www.ghconcepcion.cl\/wp-content\/uploads\/2024\/08\/montaje-celu.png\" class=\"attachment-full size-full wp-image-3503\" alt=\"\" srcset=\"https:\/\/www.ghconcepcion.cl\/wp-content\/uploads\/2024\/08\/montaje-celu.png 530w, https:\/\/www.ghconcepcion.cl\/wp-content\/uploads\/2024\/08\/montaje-celu-294x400.png 294w, https:\/\/www.ghconcepcion.cl\/wp-content\/uploads\/2024\/08\/montaje-celu-55x75.png 55w, https:\/\/www.ghconcepcion.cl\/wp-content\/uploads\/2024\/08\/montaje-celu-480x652.png 480w\" sizes=\"(max-width: 530px) 100vw, 530px\" \/>\t\t\t\t\t\t\t\t<\/a>\n\t\t\t\t\t\t\t\t\t\t\t\t\t\t\t<\/div>\n\t\t\t\t<\/div>\n\t\t\t\t<div class=\"elementor-element elementor-element-7f0d81a elementor-widget elementor-widget-image\" data-id=\"7f0d81a\" data-element_type=\"widget\" data-e-type=\"widget\" data-widget_type=\"image.default\">\n\t\t\t\t<div class=\"elementor-widget-container\">\n\t\t\t\t\t\t\t\t\t\t\t\t\t\t\t\t<a href=\"https:\/\/architech360panos.s3.us-east-2.amazonaws.com\/GaleriaDeLaHistoria\/15\/index.htm\" target=\"_blank\">\n\t\t\t\t\t\t\t<img loading=\"lazy\" decoding=\"async\" width=\"1641\" height=\"812\" src=\"https:\/\/www.ghconcepcion.cl\/wp-content\/uploads\/2024\/08\/BOTON-360o-05.png\" class=\"attachment-full size-full wp-image-3505\" alt=\"\" srcset=\"https:\/\/www.ghconcepcion.cl\/wp-content\/uploads\/2024\/08\/BOTON-360o-05.png 1641w, https:\/\/www.ghconcepcion.cl\/wp-content\/uploads\/2024\/08\/BOTON-360o-05-400x198.png 400w, https:\/\/www.ghconcepcion.cl\/wp-content\/uploads\/2024\/08\/BOTON-360o-05-1024x507.png 1024w, https:\/\/www.ghconcepcion.cl\/wp-content\/uploads\/2024\/08\/BOTON-360o-05-768x380.png 768w, https:\/\/www.ghconcepcion.cl\/wp-content\/uploads\/2024\/08\/BOTON-360o-05-1536x760.png 1536w, https:\/\/www.ghconcepcion.cl\/wp-content\/uploads\/2024\/08\/BOTON-360o-05-150x75.png 150w, https:\/\/www.ghconcepcion.cl\/wp-content\/uploads\/2024\/08\/BOTON-360o-05-480x238.png 480w\" sizes=\"(max-width: 1641px) 100vw, 1641px\" \/>\t\t\t\t\t\t\t\t<\/a>\n\t\t\t\t\t\t\t\t\t\t\t\t\t\t\t<\/div>\n\t\t\t\t<\/div>\n\t\t\t\t<div class=\"elementor-element elementor-element-ac8561a elementor-widget elementor-widget-heading\" data-id=\"ac8561a\" data-element_type=\"widget\" data-e-type=\"widget\" data-widget_type=\"heading.default\">\n\t\t\t\t<div class=\"elementor-widget-container\">\n\t\t\t\t\t<h2 class=\"elementor-heading-title elementor-size-default\">S\u00cdGUENOS<\/h2>\t\t\t\t<\/div>\n\t\t\t\t<\/div>\n\t\t\t\t<div class=\"elementor-element elementor-element-ea3c08b e-grid-align-left elementor-shape-rounded elementor-grid-0 elementor-widget elementor-widget-social-icons\" data-id=\"ea3c08b\" data-element_type=\"widget\" data-e-type=\"widget\" data-widget_type=\"social-icons.default\">\n\t\t\t\t<div class=\"elementor-widget-container\">\n\t\t\t\t\t\t\t<div class=\"elementor-social-icons-wrapper elementor-grid\" role=\"list\">\n\t\t\t\t\t\t\t<span class=\"elementor-grid-item\" role=\"listitem\">\n\t\t\t\t\t<a class=\"elementor-icon elementor-social-icon elementor-social-icon-facebook elementor-repeater-item-b1b41bf\" href=\"https:\/\/www.facebook.com\/galeriahistoriaconcepcion\" target=\"_blank\">\n\t\t\t\t\t\t<span class=\"elementor-screen-only\">Facebook<\/span>\n\t\t\t\t\t\t<svg aria-hidden=\"true\" class=\"e-font-icon-svg e-fab-facebook\" viewBox=\"0 0 512 512\" xmlns=\"http:\/\/www.w3.org\/2000\/svg\"><path d=\"M504 256C504 119 393 8 256 8S8 119 8 256c0 123.78 90.69 226.38 209.25 245V327.69h-63V256h63v-54.64c0-62.15 37-96.48 93.67-96.48 27.14 0 55.52 4.84 55.52 4.84v61h-31.28c-30.8 0-40.41 19.12-40.41 38.73V256h68.78l-11 71.69h-57.78V501C413.31 482.38 504 379.78 504 256z\"><\/path><\/svg>\t\t\t\t\t<\/a>\n\t\t\t\t<\/span>\n\t\t\t\t\t\t\t<span class=\"elementor-grid-item\" role=\"listitem\">\n\t\t\t\t\t<a class=\"elementor-icon elementor-social-icon elementor-social-icon-instagram elementor-repeater-item-4e23a82\" href=\"https:\/\/www.instagram.com\/galeriahistoriaconcepcion\" target=\"_blank\">\n\t\t\t\t\t\t<span class=\"elementor-screen-only\">Instagram<\/span>\n\t\t\t\t\t\t<svg aria-hidden=\"true\" class=\"e-font-icon-svg e-fab-instagram\" viewBox=\"0 0 448 512\" xmlns=\"http:\/\/www.w3.org\/2000\/svg\"><path d=\"M224.1 141c-63.6 0-114.9 51.3-114.9 114.9s51.3 114.9 114.9 114.9S339 319.5 339 255.9 287.7 141 224.1 141zm0 189.6c-41.1 0-74.7-33.5-74.7-74.7s33.5-74.7 74.7-74.7 74.7 33.5 74.7 74.7-33.6 74.7-74.7 74.7zm146.4-194.3c0 14.9-12 26.8-26.8 26.8-14.9 0-26.8-12-26.8-26.8s12-26.8 26.8-26.8 26.8 12 26.8 26.8zm76.1 27.2c-1.7-35.9-9.9-67.7-36.2-93.9-26.2-26.2-58-34.4-93.9-36.2-37-2.1-147.9-2.1-184.9 0-35.8 1.7-67.6 9.9-93.9 36.1s-34.4 58-36.2 93.9c-2.1 37-2.1 147.9 0 184.9 1.7 35.9 9.9 67.7 36.2 93.9s58 34.4 93.9 36.2c37 2.1 147.9 2.1 184.9 0 35.9-1.7 67.7-9.9 93.9-36.2 26.2-26.2 34.4-58 36.2-93.9 2.1-37 2.1-147.8 0-184.8zM398.8 388c-7.8 19.6-22.9 34.7-42.6 42.6-29.5 11.7-99.5 9-132.1 9s-102.7 2.6-132.1-9c-19.6-7.8-34.7-22.9-42.6-42.6-11.7-29.5-9-99.5-9-132.1s-2.6-102.7 9-132.1c7.8-19.6 22.9-34.7 42.6-42.6 29.5-11.7 99.5-9 132.1-9s102.7-2.6 132.1 9c19.6 7.8 34.7 22.9 42.6 42.6 11.7 29.5 9 99.5 9 132.1s2.7 102.7-9 132.1z\"><\/path><\/svg>\t\t\t\t\t<\/a>\n\t\t\t\t<\/span>\n\t\t\t\t\t\t\t<span class=\"elementor-grid-item\" role=\"listitem\">\n\t\t\t\t\t<a class=\"elementor-icon elementor-social-icon elementor-social-icon-youtube elementor-repeater-item-a77c9eb\" href=\"https:\/\/www.youtube.com\/channel\/UCeV99SwFj4a68pnSwDpob_w\" target=\"_blank\">\n\t\t\t\t\t\t<span class=\"elementor-screen-only\">Youtube<\/span>\n\t\t\t\t\t\t<svg aria-hidden=\"true\" class=\"e-font-icon-svg e-fab-youtube\" viewBox=\"0 0 576 512\" xmlns=\"http:\/\/www.w3.org\/2000\/svg\"><path d=\"M549.655 124.083c-6.281-23.65-24.787-42.276-48.284-48.597C458.781 64 288 64 288 64S117.22 64 74.629 75.486c-23.497 6.322-42.003 24.947-48.284 48.597-11.412 42.867-11.412 132.305-11.412 132.305s0 89.438 11.412 132.305c6.281 23.65 24.787 41.5 48.284 47.821C117.22 448 288 448 288 448s170.78 0 213.371-11.486c23.497-6.321 42.003-24.171 48.284-47.821 11.412-42.867 11.412-132.305 11.412-132.305s0-89.438-11.412-132.305zm-317.51 213.508V175.185l142.739 81.205-142.739 81.201z\"><\/path><\/svg>\t\t\t\t\t<\/a>\n\t\t\t\t<\/span>\n\t\t\t\t\t<\/div>\n\t\t\t\t\t\t<\/div>\n\t\t\t\t<\/div>\n\t\t\t\t<\/div>\n\t\t<div class=\"elementor-element elementor-element-5630ad2 e-con-full e-flex e-con e-child\" data-id=\"5630ad2\" data-element_type=\"container\" data-e-type=\"container\">\n\t\t\t\t<div class=\"elementor-element elementor-element-14b6c7e elementor-widget elementor-widget-image\" data-id=\"14b6c7e\" data-element_type=\"widget\" data-e-type=\"widget\" data-widget_type=\"image.default\">\n\t\t\t\t<div class=\"elementor-widget-container\">\n\t\t\t\t\t\t\t\t\t\t\t\t\t\t\t<img loading=\"lazy\" decoding=\"async\" width=\"800\" height=\"320\" src=\"https:\/\/www.ghconcepcion.cl\/wp-content\/uploads\/2024\/08\/3-01-1024x409.png\" class=\"attachment-large size-large wp-image-3504\" alt=\"\" srcset=\"https:\/\/www.ghconcepcion.cl\/wp-content\/uploads\/2024\/08\/3-01-1024x409.png 1024w, https:\/\/www.ghconcepcion.cl\/wp-content\/uploads\/2024\/08\/3-01-400x160.png 400w, https:\/\/www.ghconcepcion.cl\/wp-content\/uploads\/2024\/08\/3-01-768x307.png 768w, https:\/\/www.ghconcepcion.cl\/wp-content\/uploads\/2024\/08\/3-01-1536x614.png 1536w, https:\/\/www.ghconcepcion.cl\/wp-content\/uploads\/2024\/08\/3-01-150x60.png 150w, https:\/\/www.ghconcepcion.cl\/wp-content\/uploads\/2024\/08\/3-01-1200x480.png 1200w, https:\/\/www.ghconcepcion.cl\/wp-content\/uploads\/2024\/08\/3-01-480x192.png 480w, https:\/\/www.ghconcepcion.cl\/wp-content\/uploads\/2024\/08\/3-01.png 1624w\" sizes=\"(max-width: 800px) 100vw, 800px\" \/>\t\t\t\t\t\t\t\t\t\t\t\t\t\t\t<\/div>\n\t\t\t\t<\/div>\n\t\t\t\t<div class=\"elementor-element elementor-element-7631847 elementor-widget elementor-widget-heading\" data-id=\"7631847\" data-element_type=\"widget\" data-e-type=\"widget\" data-widget_type=\"heading.default\">\n\t\t\t\t<div class=\"elementor-widget-container\">\n\t\t\t\t\t<h2 class=\"elementor-heading-title elementor-size-default\">NOTICIAS<\/h2>\t\t\t\t<\/div>\n\t\t\t\t<\/div>\n\t\t\t\t<div class=\"elementor-element elementor-element-93a6998 elementor-grid-1 elementor-grid-tablet-1 elementor-hidden-desktop elementor-hidden-tablet elementor-grid-mobile-1 elementor-posts--thumbnail-top elementor-widget elementor-widget-posts\" data-id=\"93a6998\" data-element_type=\"widget\" data-e-type=\"widget\" data-settings=\"{&quot;classic_columns&quot;:&quot;1&quot;,&quot;classic_columns_tablet&quot;:&quot;1&quot;,&quot;classic_columns_mobile&quot;:&quot;1&quot;,&quot;classic_row_gap&quot;:{&quot;unit&quot;:&quot;px&quot;,&quot;size&quot;:35,&quot;sizes&quot;:[]},&quot;classic_row_gap_tablet&quot;:{&quot;unit&quot;:&quot;px&quot;,&quot;size&quot;:&quot;&quot;,&quot;sizes&quot;:[]},&quot;classic_row_gap_mobile&quot;:{&quot;unit&quot;:&quot;px&quot;,&quot;size&quot;:&quot;&quot;,&quot;sizes&quot;:[]}}\" data-widget_type=\"posts.classic\">\n\t\t\t\t<div class=\"elementor-widget-container\">\n\t\t\t\t\t\t\t<div class=\"elementor-posts-container elementor-posts elementor-posts--skin-classic elementor-grid\">\n\t\t\t\t<article class=\"elementor-post elementor-grid-item post-4167 post type-post status-publish format-standard has-post-thumbnail hentry category-galeria-de-la-historia\">\n\t\t\t\t<a class=\"elementor-post__thumbnail__link\" href=\"https:\/\/www.ghconcepcion.cl\/index.php\/2026\/04\/22\/presentacion-libro-historia-del-trabajo-domestico-en-america-latina-siglos-xvi-xx\/\" tabindex=\"-1\" >\n\t\t\t<div class=\"elementor-post__thumbnail\"><img loading=\"lazy\" decoding=\"async\" width=\"400\" height=\"300\" src=\"https:\/\/www.ghconcepcion.cl\/wp-content\/uploads\/2026\/04\/IMG_8267-400x300.jpeg\" class=\"attachment-medium size-medium wp-image-4168\" alt=\"\" srcset=\"https:\/\/www.ghconcepcion.cl\/wp-content\/uploads\/2026\/04\/IMG_8267-400x300.jpeg 400w, https:\/\/www.ghconcepcion.cl\/wp-content\/uploads\/2026\/04\/IMG_8267-1024x768.jpeg 1024w, https:\/\/www.ghconcepcion.cl\/wp-content\/uploads\/2026\/04\/IMG_8267-768x576.jpeg 768w, https:\/\/www.ghconcepcion.cl\/wp-content\/uploads\/2026\/04\/IMG_8267-1536x1152.jpeg 1536w, https:\/\/www.ghconcepcion.cl\/wp-content\/uploads\/2026\/04\/IMG_8267-2048x1536.jpeg 2048w\" sizes=\"(max-width: 400px) 100vw, 400px\" \/><\/div>\n\t\t<\/a>\n\t\t\t\t<div class=\"elementor-post__text\">\n\t\t\t\t<h3 class=\"elementor-post__title\">\n\t\t\t<a href=\"https:\/\/www.ghconcepcion.cl\/index.php\/2026\/04\/22\/presentacion-libro-historia-del-trabajo-domestico-en-america-latina-siglos-xvi-xx\/\" >\n\t\t\t\tPresentaci\u00f3n libro \u201cHistoria del Trabajo Dom\u00e9stico en Am\u00e9rica Latina. Siglos XVI\u2013XX\u201d\t\t\t<\/a>\n\t\t<\/h3>\n\t\t\t\t<div class=\"elementor-post__meta-data\">\n\t\t\t\t\t<span class=\"elementor-post-date\">\n\t\t\tabril 22, 2026\t\t<\/span>\n\t\t\t\t<\/div>\n\t\t\t\t<div class=\"elementor-post__excerpt\">\n\t\t\t<p>La obra re\u00fane investigaciones de distintos pa\u00edses de la regi\u00f3n y aborda, desde una perspectiva hist\u00f3rica y de g\u00e9nero, un \u00e1mbito clave pero hist\u00f3ricamente invisibilizado en las sociedades latinoamericanas.\u00a0 En la Galer\u00eda de la Historia de Concepci\u00f3n, se realiz\u00f3 el lanzamiento del libro&nbsp;\u201cHistoria del Trabajo Dom\u00e9stico en Am\u00e9rica Latina. Siglos<\/p>\n\t\t<\/div>\n\t\t\t\t<\/div>\n\t\t\t\t<\/article>\n\t\t\t\t<article class=\"elementor-post elementor-grid-item post-4159 post type-post status-publish format-standard has-post-thumbnail hentry category-galeria-de-la-historia\">\n\t\t\t\t<a class=\"elementor-post__thumbnail__link\" href=\"https:\/\/www.ghconcepcion.cl\/index.php\/2026\/03\/26\/se-presenta-proyecto-faicc-uss-sobre-el-cortometraje-musicalizado-las-tres-pascualas\/\" tabindex=\"-1\" >\n\t\t\t<div class=\"elementor-post__thumbnail\"><img loading=\"lazy\" decoding=\"async\" width=\"400\" height=\"300\" src=\"https:\/\/www.ghconcepcion.cl\/wp-content\/uploads\/2026\/04\/1000046344-400x300.jpg\" class=\"attachment-medium size-medium wp-image-4161\" alt=\"\" srcset=\"https:\/\/www.ghconcepcion.cl\/wp-content\/uploads\/2026\/04\/1000046344-400x300.jpg 400w, https:\/\/www.ghconcepcion.cl\/wp-content\/uploads\/2026\/04\/1000046344-1024x768.jpg 1024w, https:\/\/www.ghconcepcion.cl\/wp-content\/uploads\/2026\/04\/1000046344-768x576.jpg 768w, https:\/\/www.ghconcepcion.cl\/wp-content\/uploads\/2026\/04\/1000046344-1536x1152.jpg 1536w, https:\/\/www.ghconcepcion.cl\/wp-content\/uploads\/2026\/04\/1000046344-2048x1536.jpg 2048w\" sizes=\"(max-width: 400px) 100vw, 400px\" \/><\/div>\n\t\t<\/a>\n\t\t\t\t<div class=\"elementor-post__text\">\n\t\t\t\t<h3 class=\"elementor-post__title\">\n\t\t\t<a href=\"https:\/\/www.ghconcepcion.cl\/index.php\/2026\/03\/26\/se-presenta-proyecto-faicc-uss-sobre-el-cortometraje-musicalizado-las-tres-pascualas\/\" >\n\t\t\t\tSe presenta proyecto FAICC USS sobre el cortometraje musicalizado \u201cLas Tres Pascualas\u201d\t\t\t<\/a>\n\t\t<\/h3>\n\t\t\t\t<div class=\"elementor-post__meta-data\">\n\t\t\t\t\t<span class=\"elementor-post-date\">\n\t\t\tmarzo 26, 2026\t\t<\/span>\n\t\t\t\t<\/div>\n\t\t\t\t<div class=\"elementor-post__excerpt\">\n\t\t\t<p>El pasado 20 de marzo, la Galer\u00eda de la Historia de Concepci\u00f3n se transform\u00f3 en un espacio para el arte y el patrimonio, con la exitosa proyecci\u00f3n musicalizada del cortometraje \u201cLas Tres Pascualas\u201d. La actividad fue llevada a cabo gracias a la colaboraci\u00f3n entre la Universidad San Sebasti\u00e1n y la<\/p>\n\t\t<\/div>\n\t\t\t\t<\/div>\n\t\t\t\t<\/article>\n\t\t\t\t<article class=\"elementor-post elementor-grid-item post-4149 post type-post status-publish format-standard has-post-thumbnail hentry category-galeria-de-la-historia\">\n\t\t\t\t<a class=\"elementor-post__thumbnail__link\" href=\"https:\/\/www.ghconcepcion.cl\/index.php\/2026\/01\/16\/corporacion-semco-participa-en-la-feria-internacional-de-arte-popular-2026-con-productos-identitarios-y-publicaciones-patrimoniales\/\" tabindex=\"-1\" >\n\t\t\t<div class=\"elementor-post__thumbnail\"><img loading=\"lazy\" decoding=\"async\" width=\"400\" height=\"300\" src=\"https:\/\/www.ghconcepcion.cl\/wp-content\/uploads\/2026\/04\/WhatsApp-Image-2026-04-14-at-10.49.54-1-400x300.png\" class=\"attachment-medium size-medium wp-image-4150\" alt=\"\" srcset=\"https:\/\/www.ghconcepcion.cl\/wp-content\/uploads\/2026\/04\/WhatsApp-Image-2026-04-14-at-10.49.54-1-400x300.png 400w, https:\/\/www.ghconcepcion.cl\/wp-content\/uploads\/2026\/04\/WhatsApp-Image-2026-04-14-at-10.49.54-1-1024x768.png 1024w, https:\/\/www.ghconcepcion.cl\/wp-content\/uploads\/2026\/04\/WhatsApp-Image-2026-04-14-at-10.49.54-1-768x576.png 768w, https:\/\/www.ghconcepcion.cl\/wp-content\/uploads\/2026\/04\/WhatsApp-Image-2026-04-14-at-10.49.54-1.png 1280w\" sizes=\"(max-width: 400px) 100vw, 400px\" \/><\/div>\n\t\t<\/a>\n\t\t\t\t<div class=\"elementor-post__text\">\n\t\t\t\t<h3 class=\"elementor-post__title\">\n\t\t\t<a href=\"https:\/\/www.ghconcepcion.cl\/index.php\/2026\/01\/16\/corporacion-semco-participa-en-la-feria-internacional-de-arte-popular-2026-con-productos-identitarios-y-publicaciones-patrimoniales\/\" >\n\t\t\t\tCorporaci\u00f3n SEMCO participa en la Feria Internacional de Arte Popular 2026 con productos identitarios y publicaciones patrimoniales\t\t\t<\/a>\n\t\t<\/h3>\n\t\t\t\t<div class=\"elementor-post__meta-data\">\n\t\t\t\t\t<span class=\"elementor-post-date\">\n\t\t\tenero 16, 2026\t\t<\/span>\n\t\t\t\t<\/div>\n\t\t\t\t<div class=\"elementor-post__excerpt\">\n\t\t\t<p>La Corporaci\u00f3n Social y Cultural de Concepci\u00f3n SEMCO se suma a la tradicional feria del Parque Ecuador con una propuesta que releva la identidad local y el patrimonio hist\u00f3rico La Corporaci\u00f3n Social y Cultural de Concepci\u00f3n Semco es parte de la 61\u00aa versi\u00f3n de la Feria Internacional de Arte Popular<\/p>\n\t\t<\/div>\n\t\t\t\t<\/div>\n\t\t\t\t<\/article>\n\t\t\t\t<\/div>\n\t\t\n\t\t\t\t\t\t<\/div>\n\t\t\t\t<\/div>\n\t\t\t\t<div class=\"elementor-element elementor-element-6298cdf elementor-grid-1 elementor-posts--thumbnail-left elementor-grid-tablet-1 elementor-hidden-mobile elementor-grid-mobile-1 elementor-widget elementor-widget-posts\" data-id=\"6298cdf\" data-element_type=\"widget\" data-e-type=\"widget\" data-settings=\"{&quot;classic_columns&quot;:&quot;1&quot;,&quot;classic_columns_tablet&quot;:&quot;1&quot;,&quot;classic_columns_mobile&quot;:&quot;1&quot;,&quot;classic_row_gap&quot;:{&quot;unit&quot;:&quot;px&quot;,&quot;size&quot;:35,&quot;sizes&quot;:[]},&quot;classic_row_gap_tablet&quot;:{&quot;unit&quot;:&quot;px&quot;,&quot;size&quot;:&quot;&quot;,&quot;sizes&quot;:[]},&quot;classic_row_gap_mobile&quot;:{&quot;unit&quot;:&quot;px&quot;,&quot;size&quot;:&quot;&quot;,&quot;sizes&quot;:[]}}\" data-widget_type=\"posts.classic\">\n\t\t\t\t<div class=\"elementor-widget-container\">\n\t\t\t\t\t\t\t<div class=\"elementor-posts-container elementor-posts elementor-posts--skin-classic elementor-grid\">\n\t\t\t\t<article class=\"elementor-post elementor-grid-item post-4167 post type-post status-publish format-standard has-post-thumbnail hentry category-galeria-de-la-historia\">\n\t\t\t\t<a class=\"elementor-post__thumbnail__link\" href=\"https:\/\/www.ghconcepcion.cl\/index.php\/2026\/04\/22\/presentacion-libro-historia-del-trabajo-domestico-en-america-latina-siglos-xvi-xx\/\" tabindex=\"-1\" >\n\t\t\t<div class=\"elementor-post__thumbnail\"><img loading=\"lazy\" decoding=\"async\" width=\"400\" height=\"300\" src=\"https:\/\/www.ghconcepcion.cl\/wp-content\/uploads\/2026\/04\/IMG_8267-400x300.jpeg\" class=\"attachment-medium size-medium wp-image-4168\" alt=\"\" srcset=\"https:\/\/www.ghconcepcion.cl\/wp-content\/uploads\/2026\/04\/IMG_8267-400x300.jpeg 400w, https:\/\/www.ghconcepcion.cl\/wp-content\/uploads\/2026\/04\/IMG_8267-1024x768.jpeg 1024w, https:\/\/www.ghconcepcion.cl\/wp-content\/uploads\/2026\/04\/IMG_8267-768x576.jpeg 768w, https:\/\/www.ghconcepcion.cl\/wp-content\/uploads\/2026\/04\/IMG_8267-1536x1152.jpeg 1536w, https:\/\/www.ghconcepcion.cl\/wp-content\/uploads\/2026\/04\/IMG_8267-2048x1536.jpeg 2048w\" sizes=\"(max-width: 400px) 100vw, 400px\" \/><\/div>\n\t\t<\/a>\n\t\t\t\t<div class=\"elementor-post__text\">\n\t\t\t\t<h3 class=\"elementor-post__title\">\n\t\t\t<a href=\"https:\/\/www.ghconcepcion.cl\/index.php\/2026\/04\/22\/presentacion-libro-historia-del-trabajo-domestico-en-america-latina-siglos-xvi-xx\/\" >\n\t\t\t\tPresentaci\u00f3n libro \u201cHistoria del Trabajo Dom\u00e9stico en Am\u00e9rica Latina. Siglos XVI\u2013XX\u201d\t\t\t<\/a>\n\t\t<\/h3>\n\t\t\t\t<div class=\"elementor-post__meta-data\">\n\t\t\t\t\t<span class=\"elementor-post-date\">\n\t\t\tabril 22, 2026\t\t<\/span>\n\t\t\t\t<\/div>\n\t\t\t\t<div class=\"elementor-post__excerpt\">\n\t\t\t<p>La obra re\u00fane investigaciones de distintos pa\u00edses de la regi\u00f3n y aborda, desde una perspectiva hist\u00f3rica y de g\u00e9nero, un \u00e1mbito clave pero hist\u00f3ricamente invisibilizado en las sociedades latinoamericanas.\u00a0 En la Galer\u00eda de la Historia de Concepci\u00f3n, se realiz\u00f3 el lanzamiento del libro&nbsp;\u201cHistoria del Trabajo Dom\u00e9stico en Am\u00e9rica Latina. Siglos<\/p>\n\t\t<\/div>\n\t\t\t\t<\/div>\n\t\t\t\t<\/article>\n\t\t\t\t<article class=\"elementor-post elementor-grid-item post-4159 post type-post status-publish format-standard has-post-thumbnail hentry category-galeria-de-la-historia\">\n\t\t\t\t<a class=\"elementor-post__thumbnail__link\" href=\"https:\/\/www.ghconcepcion.cl\/index.php\/2026\/03\/26\/se-presenta-proyecto-faicc-uss-sobre-el-cortometraje-musicalizado-las-tres-pascualas\/\" tabindex=\"-1\" >\n\t\t\t<div class=\"elementor-post__thumbnail\"><img loading=\"lazy\" decoding=\"async\" width=\"400\" height=\"300\" src=\"https:\/\/www.ghconcepcion.cl\/wp-content\/uploads\/2026\/04\/1000046344-400x300.jpg\" class=\"attachment-medium size-medium wp-image-4161\" alt=\"\" srcset=\"https:\/\/www.ghconcepcion.cl\/wp-content\/uploads\/2026\/04\/1000046344-400x300.jpg 400w, https:\/\/www.ghconcepcion.cl\/wp-content\/uploads\/2026\/04\/1000046344-1024x768.jpg 1024w, https:\/\/www.ghconcepcion.cl\/wp-content\/uploads\/2026\/04\/1000046344-768x576.jpg 768w, https:\/\/www.ghconcepcion.cl\/wp-content\/uploads\/2026\/04\/1000046344-1536x1152.jpg 1536w, https:\/\/www.ghconcepcion.cl\/wp-content\/uploads\/2026\/04\/1000046344-2048x1536.jpg 2048w\" sizes=\"(max-width: 400px) 100vw, 400px\" \/><\/div>\n\t\t<\/a>\n\t\t\t\t<div class=\"elementor-post__text\">\n\t\t\t\t<h3 class=\"elementor-post__title\">\n\t\t\t<a href=\"https:\/\/www.ghconcepcion.cl\/index.php\/2026\/03\/26\/se-presenta-proyecto-faicc-uss-sobre-el-cortometraje-musicalizado-las-tres-pascualas\/\" >\n\t\t\t\tSe presenta proyecto FAICC USS sobre el cortometraje musicalizado \u201cLas Tres Pascualas\u201d\t\t\t<\/a>\n\t\t<\/h3>\n\t\t\t\t<div class=\"elementor-post__meta-data\">\n\t\t\t\t\t<span class=\"elementor-post-date\">\n\t\t\tmarzo 26, 2026\t\t<\/span>\n\t\t\t\t<\/div>\n\t\t\t\t<div class=\"elementor-post__excerpt\">\n\t\t\t<p>El pasado 20 de marzo, la Galer\u00eda de la Historia de Concepci\u00f3n se transform\u00f3 en un espacio para el arte y el patrimonio, con la exitosa proyecci\u00f3n musicalizada del cortometraje \u201cLas Tres Pascualas\u201d. La actividad fue llevada a cabo gracias a la colaboraci\u00f3n entre la Universidad San Sebasti\u00e1n y la<\/p>\n\t\t<\/div>\n\t\t\t\t<\/div>\n\t\t\t\t<\/article>\n\t\t\t\t<article class=\"elementor-post elementor-grid-item post-4149 post type-post status-publish format-standard has-post-thumbnail hentry category-galeria-de-la-historia\">\n\t\t\t\t<a class=\"elementor-post__thumbnail__link\" href=\"https:\/\/www.ghconcepcion.cl\/index.php\/2026\/01\/16\/corporacion-semco-participa-en-la-feria-internacional-de-arte-popular-2026-con-productos-identitarios-y-publicaciones-patrimoniales\/\" tabindex=\"-1\" >\n\t\t\t<div class=\"elementor-post__thumbnail\"><img loading=\"lazy\" decoding=\"async\" width=\"400\" height=\"300\" src=\"https:\/\/www.ghconcepcion.cl\/wp-content\/uploads\/2026\/04\/WhatsApp-Image-2026-04-14-at-10.49.54-1-400x300.png\" class=\"attachment-medium size-medium wp-image-4150\" alt=\"\" srcset=\"https:\/\/www.ghconcepcion.cl\/wp-content\/uploads\/2026\/04\/WhatsApp-Image-2026-04-14-at-10.49.54-1-400x300.png 400w, https:\/\/www.ghconcepcion.cl\/wp-content\/uploads\/2026\/04\/WhatsApp-Image-2026-04-14-at-10.49.54-1-1024x768.png 1024w, https:\/\/www.ghconcepcion.cl\/wp-content\/uploads\/2026\/04\/WhatsApp-Image-2026-04-14-at-10.49.54-1-768x576.png 768w, https:\/\/www.ghconcepcion.cl\/wp-content\/uploads\/2026\/04\/WhatsApp-Image-2026-04-14-at-10.49.54-1.png 1280w\" sizes=\"(max-width: 400px) 100vw, 400px\" \/><\/div>\n\t\t<\/a>\n\t\t\t\t<div class=\"elementor-post__text\">\n\t\t\t\t<h3 class=\"elementor-post__title\">\n\t\t\t<a href=\"https:\/\/www.ghconcepcion.cl\/index.php\/2026\/01\/16\/corporacion-semco-participa-en-la-feria-internacional-de-arte-popular-2026-con-productos-identitarios-y-publicaciones-patrimoniales\/\" >\n\t\t\t\tCorporaci\u00f3n SEMCO participa en la Feria Internacional de Arte Popular 2026 con productos identitarios y publicaciones patrimoniales\t\t\t<\/a>\n\t\t<\/h3>\n\t\t\t\t<div class=\"elementor-post__meta-data\">\n\t\t\t\t\t<span class=\"elementor-post-date\">\n\t\t\tenero 16, 2026\t\t<\/span>\n\t\t\t\t<\/div>\n\t\t\t\t<div class=\"elementor-post__excerpt\">\n\t\t\t<p>La Corporaci\u00f3n Social y Cultural de Concepci\u00f3n SEMCO se suma a la tradicional feria del Parque Ecuador con una propuesta que releva la identidad local y el patrimonio hist\u00f3rico La Corporaci\u00f3n Social y Cultural de Concepci\u00f3n Semco es parte de la 61\u00aa versi\u00f3n de la Feria Internacional de Arte Popular<\/p>\n\t\t<\/div>\n\t\t\t\t<\/div>\n\t\t\t\t<\/article>\n\t\t\t\t<\/div>\n\t\t\n\t\t\t\t\t\t<\/div>\n\t\t\t\t<\/div>\n\t\t\t\t<\/div>\n\t\t\t\t\t<\/div>\n\t\t\t\t<\/div>\n\t\t\t\t<\/div>\n\t\t","protected":false},"excerpt":{"rendered":"<p>Rese\u00f1a \u00a0Este centro cultural est\u00e1 ubicado a los pies del Cerro Caracol y en el coraz\u00f3n del Parque Ecuador, donde confluyen la historia, el patrimonio, las artes, la gastronom\u00eda y el ocio. Horario Martes a domingo: 10:00 a 18:00 horasLunes: Cerrado Entrada Liberada Con aporte voluntario Facebook Instagram Youtube Bienvenidos a la Galer\u00eda de la [&hellip;]<\/p>\n","protected":false},"author":4,"featured_media":0,"parent":0,"menu_order":0,"comment_status":"closed","ping_status":"closed","template":"elementor_header_footer","meta":{"footnotes":""},"class_list":["post-3501","page","type-page","status-publish","hentry"],"_links":{"self":[{"href":"https:\/\/www.ghconcepcion.cl\/index.php\/wp-json\/wp\/v2\/pages\/3501","targetHints":{"allow":["GET"]}}],"collection":[{"href":"https:\/\/www.ghconcepcion.cl\/index.php\/wp-json\/wp\/v2\/pages"}],"about":[{"href":"https:\/\/www.ghconcepcion.cl\/index.php\/wp-json\/wp\/v2\/types\/page"}],"author":[{"embeddable":true,"href":"https:\/\/www.ghconcepcion.cl\/index.php\/wp-json\/wp\/v2\/users\/4"}],"replies":[{"embeddable":true,"href":"https:\/\/www.ghconcepcion.cl\/index.php\/wp-json\/wp\/v2\/comments?post=3501"}],"version-history":[{"count":53,"href":"https:\/\/www.ghconcepcion.cl\/index.php\/wp-json\/wp\/v2\/pages\/3501\/revisions"}],"predecessor-version":[{"id":4141,"href":"https:\/\/www.ghconcepcion.cl\/index.php\/wp-json\/wp\/v2\/pages\/3501\/revisions\/4141"}],"wp:attachment":[{"href":"https:\/\/www.ghconcepcion.cl\/index.php\/wp-json\/wp\/v2\/media?parent=3501"}],"curies":[{"name":"wp","href":"https:\/\/api.w.org\/{rel}","templated":true}]}}