{"id":55,"date":"2014-11-06T10:25:26","date_gmt":"2014-11-06T10:25:26","guid":{"rendered":"http:\/\/themes.muffingroup.com\/be\/museum\/?page_id=16"},"modified":"2024-10-09T13:49:53","modified_gmt":"2024-10-09T13:49:53","slug":"colecciones_y_espacios","status":"publish","type":"page","link":"https:\/\/www.ghconcepcion.cl\/index.php\/colecciones_y_espacios\/","title":{"rendered":"COLECCIONES Y ESPACIOS"},"content":{"rendered":"\t\t<div data-elementor-type=\"wp-page\" data-elementor-id=\"55\" class=\"elementor elementor-55\" data-elementor-post-type=\"page\">\n\t\t\t\t<div class=\"elementor-element elementor-element-22bcde0 e-flex e-con-boxed e-con e-parent\" data-id=\"22bcde0\" data-element_type=\"container\" data-e-type=\"container\">\n\t\t\t\t\t<div class=\"e-con-inner\">\n\t\t<div class=\"elementor-element elementor-element-c3135bf e-con-full e-flex e-con e-child\" data-id=\"c3135bf\" data-element_type=\"container\" data-e-type=\"container\">\n\t\t\t\t<div class=\"elementor-element elementor-element-a4f0176 elementor-widget__width-initial elementor-widget elementor-widget-image\" data-id=\"a4f0176\" data-element_type=\"widget\" data-e-type=\"widget\" data-widget_type=\"image.default\">\n\t\t\t\t<div class=\"elementor-widget-container\">\n\t\t\t\t\t\t\t\t\t\t\t\t\t\t\t<img fetchpriority=\"high\" decoding=\"async\" width=\"800\" height=\"482\" src=\"https:\/\/www.ghconcepcion.cl\/wp-content\/uploads\/2024\/10\/sin-titulo-10-de-70-1024x617.jpg\" class=\"attachment-large size-large wp-image-3769\" alt=\"\" srcset=\"https:\/\/www.ghconcepcion.cl\/wp-content\/uploads\/2024\/10\/sin-titulo-10-de-70-1024x617.jpg 1024w, https:\/\/www.ghconcepcion.cl\/wp-content\/uploads\/2024\/10\/sin-titulo-10-de-70-400x241.jpg 400w, https:\/\/www.ghconcepcion.cl\/wp-content\/uploads\/2024\/10\/sin-titulo-10-de-70-768x463.jpg 768w, https:\/\/www.ghconcepcion.cl\/wp-content\/uploads\/2024\/10\/sin-titulo-10-de-70-1536x926.jpg 1536w, https:\/\/www.ghconcepcion.cl\/wp-content\/uploads\/2024\/10\/sin-titulo-10-de-70-2048x1235.jpg 2048w\" sizes=\"(max-width: 800px) 100vw, 800px\" \/>\t\t\t\t\t\t\t\t\t\t\t\t\t\t\t<\/div>\n\t\t\t\t<\/div>\n\t\t\t\t<\/div>\n\t\t<div class=\"elementor-element elementor-element-1185dde e-con-full e-flex e-con e-child\" data-id=\"1185dde\" data-element_type=\"container\" data-e-type=\"container\">\n\t\t\t\t<div class=\"elementor-element elementor-element-1e52735 elementor-widget elementor-widget-heading\" data-id=\"1e52735\" data-element_type=\"widget\" data-e-type=\"widget\" data-widget_type=\"heading.default\">\n\t\t\t\t<div class=\"elementor-widget-container\">\n\t\t\t\t\t<h2 class=\"elementor-heading-title elementor-size-default\">La Historia de Concepci\u00f3n en Dioramas<\/h2>\t\t\t\t<\/div>\n\t\t\t\t<\/div>\n\t\t\t\t<div class=\"elementor-element elementor-element-a1d021e elementor-widget elementor-widget-text-editor\" data-id=\"a1d021e\" data-element_type=\"widget\" data-e-type=\"widget\" data-widget_type=\"text-editor.default\">\n\t\t\t\t<div class=\"elementor-widget-container\">\n\t\t\t\t\t\t\t\t\t<div><p class=\"big\">Nuestra colecci\u00f3n permanente consiste en un conjunto de diecis\u00e9is dioramas confeccionados por el artista Zerreitug, Rodolfo Guti\u00e9rrez, en las cuales se retratan los acontecimientos m\u00e1s significativos de la historia de Concepci\u00f3n y su zona de influencia.<\/p><\/div>\t\t\t\t\t\t\t\t<\/div>\n\t\t\t\t<\/div>\n\t\t\t\t<\/div>\n\t\t\t\t\t<\/div>\n\t\t\t\t<\/div>\n\t\t<div class=\"elementor-element elementor-element-a279aad e-flex e-con-boxed e-con e-parent\" data-id=\"a279aad\" data-element_type=\"container\" data-e-type=\"container\">\n\t\t\t\t\t<div class=\"e-con-inner\">\n\t\t<div class=\"elementor-element elementor-element-e6311c7 e-con-full e-flex e-con e-child\" data-id=\"e6311c7\" data-element_type=\"container\" data-e-type=\"container\">\n\t\t\t\t<div class=\"elementor-element elementor-element-321fad4 elementor-widget elementor-widget-heading\" data-id=\"321fad4\" data-element_type=\"widget\" data-e-type=\"widget\" data-widget_type=\"heading.default\">\n\t\t\t\t<div class=\"elementor-widget-container\">\n\t\t\t\t\t<h2 class=\"elementor-heading-title elementor-size-default\">Cultura Mapuche<\/h2>\t\t\t\t<\/div>\n\t\t\t\t<\/div>\n\t\t\t\t<div class=\"elementor-element elementor-element-ac4f48f elementor-widget elementor-widget-text-editor\" data-id=\"ac4f48f\" data-element_type=\"widget\" data-e-type=\"widget\" data-widget_type=\"text-editor.default\">\n\t\t\t\t<div class=\"elementor-widget-container\">\n\t\t\t\t\t\t\t\t\t<p class=\"big\">Esta muestra sobre Cultura Mapuche es exhibida gracias a la colaboraci\u00f3n del Museo Stom, y dentro de sus art\u00edculos en exhibici\u00f3n destaca la vestimenta t\u00edpica mapuche y diversos textiles de su producci\u00f3n.<br \/>Adem\u00e1s, la muestra cuenta con plater\u00eda mapuche, instrumentos musicales, herramientas, utensilios, cer\u00e1mica utilitaria, piedras horadadas y puntas de flecha mapuche.<\/p>\t\t\t\t\t\t\t\t<\/div>\n\t\t\t\t<\/div>\n\t\t\t\t<\/div>\n\t\t<div class=\"elementor-element elementor-element-afc227f e-con-full e-flex e-con e-child\" data-id=\"afc227f\" data-element_type=\"container\" data-e-type=\"container\">\n\t\t\t\t<div class=\"elementor-element elementor-element-74b53af elementor-widget elementor-widget-image\" data-id=\"74b53af\" data-element_type=\"widget\" data-e-type=\"widget\" data-widget_type=\"image.default\">\n\t\t\t\t<div class=\"elementor-widget-container\">\n\t\t\t\t\t\t\t\t\t\t\t\t\t\t\t<img decoding=\"async\" width=\"2560\" height=\"1707\" src=\"https:\/\/www.ghconcepcion.cl\/wp-content\/uploads\/2024\/10\/IMG_1515-scaled.jpg\" class=\"attachment-full size-full wp-image-3764\" alt=\"\" srcset=\"https:\/\/www.ghconcepcion.cl\/wp-content\/uploads\/2024\/10\/IMG_1515-scaled.jpg 2560w, https:\/\/www.ghconcepcion.cl\/wp-content\/uploads\/2024\/10\/IMG_1515-400x267.jpg 400w, https:\/\/www.ghconcepcion.cl\/wp-content\/uploads\/2024\/10\/IMG_1515-1024x683.jpg 1024w, https:\/\/www.ghconcepcion.cl\/wp-content\/uploads\/2024\/10\/IMG_1515-768x512.jpg 768w, https:\/\/www.ghconcepcion.cl\/wp-content\/uploads\/2024\/10\/IMG_1515-1536x1024.jpg 1536w, https:\/\/www.ghconcepcion.cl\/wp-content\/uploads\/2024\/10\/IMG_1515-2048x1365.jpg 2048w\" sizes=\"(max-width: 2560px) 100vw, 2560px\" \/>\t\t\t\t\t\t\t\t\t\t\t\t\t\t\t<\/div>\n\t\t\t\t<\/div>\n\t\t\t\t<\/div>\n\t\t\t\t\t<\/div>\n\t\t\t\t<\/div>\n\t\t<div class=\"elementor-element elementor-element-1c9f581 e-flex e-con-boxed e-con e-parent\" data-id=\"1c9f581\" data-element_type=\"container\" data-e-type=\"container\">\n\t\t\t\t\t<div class=\"e-con-inner\">\n\t\t<div class=\"elementor-element elementor-element-ac06718 e-con-full e-flex e-con e-child\" data-id=\"ac06718\" data-element_type=\"container\" data-e-type=\"container\">\n\t\t\t\t<div class=\"elementor-element elementor-element-9547924 elementor-widget elementor-widget-image\" data-id=\"9547924\" data-element_type=\"widget\" data-e-type=\"widget\" data-widget_type=\"image.default\">\n\t\t\t\t<div class=\"elementor-widget-container\">\n\t\t\t\t\t\t\t\t\t\t\t\t\t\t\t<img decoding=\"async\" width=\"612\" height=\"408\" src=\"https:\/\/www.ghconcepcion.cl\/wp-content\/uploads\/2024\/10\/DSC_0167-removebg-preview.png\" class=\"attachment-full size-full wp-image-3767\" alt=\"\" srcset=\"https:\/\/www.ghconcepcion.cl\/wp-content\/uploads\/2024\/10\/DSC_0167-removebg-preview.png 612w, https:\/\/www.ghconcepcion.cl\/wp-content\/uploads\/2024\/10\/DSC_0167-removebg-preview-400x267.png 400w\" sizes=\"(max-width: 612px) 100vw, 612px\" \/>\t\t\t\t\t\t\t\t\t\t\t\t\t\t\t<\/div>\n\t\t\t\t<\/div>\n\t\t\t\t<\/div>\n\t\t<div class=\"elementor-element elementor-element-1f36584 e-con-full e-flex e-con e-child\" data-id=\"1f36584\" data-element_type=\"container\" data-e-type=\"container\">\n\t\t\t\t<div class=\"elementor-element elementor-element-c2fc0e9 elementor-widget elementor-widget-heading\" data-id=\"c2fc0e9\" data-element_type=\"widget\" data-e-type=\"widget\" data-widget_type=\"heading.default\">\n\t\t\t\t<div class=\"elementor-widget-container\">\n\t\t\t\t\t<h2 class=\"elementor-heading-title elementor-size-default\">Cer\u00e1mica Regional del Biob\u00edo<\/h2>\t\t\t\t<\/div>\n\t\t\t\t<\/div>\n\t\t\t\t<div class=\"elementor-element elementor-element-6dd85d6 elementor-widget elementor-widget-text-editor\" data-id=\"6dd85d6\" data-element_type=\"widget\" data-e-type=\"widget\" data-widget_type=\"text-editor.default\">\n\t\t\t\t<div class=\"elementor-widget-container\">\n\t\t\t\t\t\t\t\t\t<p class=\"big\">La industria de la loza tuvo un gran apogeo en nuestra zona, siendo una de las m\u00e1s destacadas la cer\u00e1mica decorativa de Lota, que se produjo entre los a\u00f1os 30 y 50 del siglo pasado. A ella se suma la loza creada en Penco, Concepci\u00f3n, Nacimiento, Quinchamal\u00ed, Angol y Arauco. Se trata de piezas \u00fanicas, por su origen, variedad y valor est\u00e9tico, que en su gran mayor\u00eda fueron donadas por la coleccionista se\u00f1ora Gloria Herrera, quien las reuni\u00f3 en una b\u00fasqueda a trav\u00e9s largos a\u00f1os.<\/p>\t\t\t\t\t\t\t\t<\/div>\n\t\t\t\t<\/div>\n\t\t\t\t<\/div>\n\t\t\t\t\t<\/div>\n\t\t\t\t<\/div>\n\t\t<div class=\"elementor-element elementor-element-c0574e0 e-flex e-con-boxed e-con e-parent\" data-id=\"c0574e0\" data-element_type=\"container\" data-e-type=\"container\">\n\t\t\t\t\t<div class=\"e-con-inner\">\n\t\t<div class=\"elementor-element elementor-element-1e57ae1 e-con-full e-flex e-con e-child\" data-id=\"1e57ae1\" data-element_type=\"container\" data-e-type=\"container\">\n\t\t\t\t<div class=\"elementor-element elementor-element-97a0fc9 elementor-widget elementor-widget-heading\" data-id=\"97a0fc9\" data-element_type=\"widget\" data-e-type=\"widget\" data-widget_type=\"heading.default\">\n\t\t\t\t<div class=\"elementor-widget-container\">\n\t\t\t\t\t<h2 class=\"elementor-heading-title elementor-size-default\">Biob\u00edo, Cultura y Sociedad<\/h2>\t\t\t\t<\/div>\n\t\t\t\t<\/div>\n\t\t\t\t<div class=\"elementor-element elementor-element-395c276 elementor-widget elementor-widget-text-editor\" data-id=\"395c276\" data-element_type=\"widget\" data-e-type=\"widget\" data-widget_type=\"text-editor.default\">\n\t\t\t\t<div class=\"elementor-widget-container\">\n\t\t\t\t\t\t\t\t\t<p class=\"big\">Se denomina una de estas nuevas muestras permanentes, que pertenec\u00eda al Museo Stom y que fue entregada en comodato a la Galer\u00eda de la Historia. La colecci\u00f3n de objetos da cuenta de la ciudad del pasado; su cultura, industria,\u00a0<a href=\"https:\/\/www.nirvanix.com\/voip-network-monitoring\/\">monitoring<\/a>, econom\u00eda y vida cotidiana de la primera mitad del siglo XX, la denominada \u201c\u00e9poca dorada\u201d del Gran Concepci\u00f3n.<\/p>\t\t\t\t\t\t\t\t<\/div>\n\t\t\t\t<\/div>\n\t\t\t\t<\/div>\n\t\t<div class=\"elementor-element elementor-element-86906a5 e-con-full e-flex e-con e-child\" data-id=\"86906a5\" data-element_type=\"container\" data-e-type=\"container\">\n\t\t\t\t<div class=\"elementor-element elementor-element-5690b5d elementor-widget elementor-widget-image\" data-id=\"5690b5d\" data-element_type=\"widget\" data-e-type=\"widget\" data-widget_type=\"image.default\">\n\t\t\t\t<div class=\"elementor-widget-container\">\n\t\t\t\t\t\t\t\t\t\t\t\t\t\t\t<img loading=\"lazy\" decoding=\"async\" width=\"3071\" height=\"1879\" src=\"https:\/\/www.ghconcepcion.cl\/wp-content\/uploads\/2014\/11\/COLECCIONES-STOM.jpg\" class=\"attachment-full size-full wp-image-187\" alt=\"\" srcset=\"https:\/\/www.ghconcepcion.cl\/wp-content\/uploads\/2014\/11\/COLECCIONES-STOM.jpg 3071w, https:\/\/www.ghconcepcion.cl\/wp-content\/uploads\/2014\/11\/COLECCIONES-STOM-300x184.jpg 300w, https:\/\/www.ghconcepcion.cl\/wp-content\/uploads\/2014\/11\/COLECCIONES-STOM-768x470.jpg 768w, https:\/\/www.ghconcepcion.cl\/wp-content\/uploads\/2014\/11\/COLECCIONES-STOM-1024x627.jpg 1024w, https:\/\/www.ghconcepcion.cl\/wp-content\/uploads\/2014\/11\/COLECCIONES-STOM-239x146.jpg 239w, https:\/\/www.ghconcepcion.cl\/wp-content\/uploads\/2014\/11\/COLECCIONES-STOM-50x31.jpg 50w, https:\/\/www.ghconcepcion.cl\/wp-content\/uploads\/2014\/11\/COLECCIONES-STOM-123x75.jpg 123w\" sizes=\"(max-width: 3071px) 100vw, 3071px\" \/>\t\t\t\t\t\t\t\t\t\t\t\t\t\t\t<\/div>\n\t\t\t\t<\/div>\n\t\t\t\t<\/div>\n\t\t\t\t\t<\/div>\n\t\t\t\t<\/div>\n\t\t<div class=\"elementor-element elementor-element-d4ae190 e-flex e-con-boxed e-con e-parent\" data-id=\"d4ae190\" data-element_type=\"container\" data-e-type=\"container\">\n\t\t\t\t\t<div class=\"e-con-inner\">\n\t\t<div class=\"elementor-element elementor-element-32d3dda e-con-full e-flex e-con e-child\" data-id=\"32d3dda\" data-element_type=\"container\" data-e-type=\"container\">\n\t\t\t\t<div class=\"elementor-element elementor-element-d4b1ee6 elementor-widget elementor-widget-image\" data-id=\"d4b1ee6\" data-element_type=\"widget\" data-e-type=\"widget\" data-widget_type=\"image.default\">\n\t\t\t\t<div class=\"elementor-widget-container\">\n\t\t\t\t\t\t\t\t\t\t\t\t\t\t\t<img loading=\"lazy\" decoding=\"async\" width=\"2691\" height=\"1634\" src=\"https:\/\/www.ghconcepcion.cl\/wp-content\/uploads\/2017\/11\/galeria-7.jpg\" class=\"attachment-full size-full wp-image-204\" alt=\"\" srcset=\"https:\/\/www.ghconcepcion.cl\/wp-content\/uploads\/2017\/11\/galeria-7.jpg 2691w, https:\/\/www.ghconcepcion.cl\/wp-content\/uploads\/2017\/11\/galeria-7-300x182.jpg 300w, https:\/\/www.ghconcepcion.cl\/wp-content\/uploads\/2017\/11\/galeria-7-768x466.jpg 768w, https:\/\/www.ghconcepcion.cl\/wp-content\/uploads\/2017\/11\/galeria-7-1024x622.jpg 1024w, https:\/\/www.ghconcepcion.cl\/wp-content\/uploads\/2017\/11\/galeria-7-240x146.jpg 240w, https:\/\/www.ghconcepcion.cl\/wp-content\/uploads\/2017\/11\/galeria-7-50x30.jpg 50w, https:\/\/www.ghconcepcion.cl\/wp-content\/uploads\/2017\/11\/galeria-7-124x75.jpg 124w\" sizes=\"(max-width: 2691px) 100vw, 2691px\" \/>\t\t\t\t\t\t\t\t\t\t\t\t\t\t\t<\/div>\n\t\t\t\t<\/div>\n\t\t\t\t<\/div>\n\t\t<div class=\"elementor-element elementor-element-a962ea9 e-con-full e-flex e-con e-child\" data-id=\"a962ea9\" data-element_type=\"container\" data-e-type=\"container\">\n\t\t\t\t<div class=\"elementor-element elementor-element-17871ad elementor-widget elementor-widget-heading\" data-id=\"17871ad\" data-element_type=\"widget\" data-e-type=\"widget\" data-widget_type=\"heading.default\">\n\t\t\t\t<div class=\"elementor-widget-container\">\n\t\t\t\t\t<h2 class=\"elementor-heading-title elementor-size-default\">Plaza de la Historia<\/h2>\t\t\t\t<\/div>\n\t\t\t\t<\/div>\n\t\t\t\t<div class=\"elementor-element elementor-element-7ec74f1 elementor-widget elementor-widget-text-editor\" data-id=\"7ec74f1\" data-element_type=\"widget\" data-e-type=\"widget\" data-widget_type=\"text-editor.default\">\n\t\t\t\t<div class=\"elementor-widget-container\">\n\t\t\t\t\t\t\t\t\t<p class=\"big\">Desde este 2017, la Galer\u00eda de la Historia de Concepci\u00f3n cuenta un nuevo acceso patrimonial por calle V\u00edctor Lamas, el que lleva a los visitantes hasta la nueva \u201cPlaza de la Historia\u201d, ubicada en pleno Parque Ecuador y a los pies del Cerro Caracol. Recorrer esta plaza se convierte en un viaje al Concepci\u00f3n de comienzos del siglo XX, donde usted se encontrar\u00e1 con los rieles del tranv\u00eda que recorr\u00eda la ciudad, los adoquines de las calles de la \u00e9poca o las rejas del antiguo Seminario de Concepci\u00f3n.<br \/>Adem\u00e1s, esta \u201cPlaza de la Historia\u201d se abre como un nuevo espacio para la presentaci\u00f3n de diversas expresiones art\u00edsticas, para el deleite de toda la familia.<\/p>\t\t\t\t\t\t\t\t<\/div>\n\t\t\t\t<\/div>\n\t\t\t\t<\/div>\n\t\t\t\t\t<\/div>\n\t\t\t\t<\/div>\n\t\t<div class=\"elementor-element elementor-element-e20f96f e-flex e-con-boxed e-con e-parent\" data-id=\"e20f96f\" data-element_type=\"container\" data-e-type=\"container\">\n\t\t\t\t\t<div class=\"e-con-inner\">\n\t\t<div class=\"elementor-element elementor-element-e40f8e9 e-con-full e-flex e-con e-child\" data-id=\"e40f8e9\" data-element_type=\"container\" data-e-type=\"container\">\n\t\t\t\t<div class=\"elementor-element elementor-element-7c2cdef elementor-widget elementor-widget-heading\" data-id=\"7c2cdef\" data-element_type=\"widget\" data-e-type=\"widget\" data-widget_type=\"heading.default\">\n\t\t\t\t<div class=\"elementor-widget-container\">\n\t\t\t\t\t<h2 class=\"elementor-heading-title elementor-size-default\">Sala Concepci\u00f3n en la Guerra del Pac\u00edfico<\/h2>\t\t\t\t<\/div>\n\t\t\t\t<\/div>\n\t\t\t\t<div class=\"elementor-element elementor-element-3888034 elementor-widget elementor-widget-text-editor\" data-id=\"3888034\" data-element_type=\"widget\" data-e-type=\"widget\" data-widget_type=\"text-editor.default\">\n\t\t\t\t<div class=\"elementor-widget-container\">\n\t\t\t\t\t\t\t\t\t<p>Cientos de ciudadanos penquistas fueron parte de la Guerra del Pac\u00edfico, como parte del Batall\u00f3n C\u00edvico Movilizado de Concepci\u00f3n, unidad que intervino en los combates y batallas de Chorrillos, Miraflores, San Pablo y Huamachuco. Esta sala cuenta su historia y exhibe piezas originales y r\u00e9plicas que permiten conocer y revivir la contribuci\u00f3n de civiles y militares de nuestra regi\u00f3n, en los eventos de esta guerra, as\u00ed como su destino posterior como veteranos del 79\u2019.<\/p>\t\t\t\t\t\t\t\t<\/div>\n\t\t\t\t<\/div>\n\t\t\t\t<\/div>\n\t\t<div class=\"elementor-element elementor-element-e84fdf5 e-con-full e-flex e-con e-child\" data-id=\"e84fdf5\" data-element_type=\"container\" data-e-type=\"container\">\n\t\t\t\t<div class=\"elementor-element elementor-element-e629a06 elementor-widget elementor-widget-image\" data-id=\"e629a06\" data-element_type=\"widget\" data-e-type=\"widget\" data-widget_type=\"image.default\">\n\t\t\t\t<div class=\"elementor-widget-container\">\n\t\t\t\t\t\t\t\t\t\t\t\t\t\t\t<img loading=\"lazy\" decoding=\"async\" width=\"965\" height=\"592\" src=\"https:\/\/www.ghconcepcion.cl\/wp-content\/uploads\/2024\/10\/SALA-GUERRA-DEL-PACIFICO-02.png\" class=\"attachment-full size-full wp-image-3765\" alt=\"\" srcset=\"https:\/\/www.ghconcepcion.cl\/wp-content\/uploads\/2024\/10\/SALA-GUERRA-DEL-PACIFICO-02.png 965w, https:\/\/www.ghconcepcion.cl\/wp-content\/uploads\/2024\/10\/SALA-GUERRA-DEL-PACIFICO-02-400x245.png 400w, https:\/\/www.ghconcepcion.cl\/wp-content\/uploads\/2024\/10\/SALA-GUERRA-DEL-PACIFICO-02-768x471.png 768w\" sizes=\"(max-width: 965px) 100vw, 965px\" \/>\t\t\t\t\t\t\t\t\t\t\t\t\t\t\t<\/div>\n\t\t\t\t<\/div>\n\t\t\t\t<\/div>\n\t\t\t\t\t<\/div>\n\t\t\t\t<\/div>\n\t\t\t\t<\/div>\n\t\t","protected":false},"excerpt":{"rendered":"<p>La Historia de Concepci\u00f3n en Dioramas Nuestra colecci\u00f3n permanente consiste en un conjunto de diecis\u00e9is dioramas confeccionados por el artista Zerreitug, Rodolfo Guti\u00e9rrez, en las cuales se retratan los acontecimientos m\u00e1s significativos de la historia de Concepci\u00f3n y su zona de influencia. Cultura Mapuche Esta muestra sobre Cultura Mapuche es exhibida gracias a la colaboraci\u00f3n [&hellip;]<\/p>\n","protected":false},"author":1,"featured_media":0,"parent":0,"menu_order":0,"comment_status":"open","ping_status":"open","template":"","meta":{"footnotes":""},"class_list":["post-55","page","type-page","status-publish","hentry"],"_links":{"self":[{"href":"https:\/\/www.ghconcepcion.cl\/index.php\/wp-json\/wp\/v2\/pages\/55","targetHints":{"allow":["GET"]}}],"collection":[{"href":"https:\/\/www.ghconcepcion.cl\/index.php\/wp-json\/wp\/v2\/pages"}],"about":[{"href":"https:\/\/www.ghconcepcion.cl\/index.php\/wp-json\/wp\/v2\/types\/page"}],"author":[{"embeddable":true,"href":"https:\/\/www.ghconcepcion.cl\/index.php\/wp-json\/wp\/v2\/users\/1"}],"replies":[{"embeddable":true,"href":"https:\/\/www.ghconcepcion.cl\/index.php\/wp-json\/wp\/v2\/comments?post=55"}],"version-history":[{"count":10,"href":"https:\/\/www.ghconcepcion.cl\/index.php\/wp-json\/wp\/v2\/pages\/55\/revisions"}],"predecessor-version":[{"id":3772,"href":"https:\/\/www.ghconcepcion.cl\/index.php\/wp-json\/wp\/v2\/pages\/55\/revisions\/3772"}],"wp:attachment":[{"href":"https:\/\/www.ghconcepcion.cl\/index.php\/wp-json\/wp\/v2\/media?parent=55"}],"curies":[{"name":"wp","href":"https:\/\/api.w.org\/{rel}","templated":true}]}}